{"id":7759,"date":"2020-04-21T16:49:55","date_gmt":"2020-04-21T14:49:55","guid":{"rendered":"https:\/\/rb-abogados.eu\/?page_id=7759"},"modified":"2025-03-27T17:29:57","modified_gmt":"2025-03-27T16:29:57","slug":"bienvenidos","status":"publish","type":"page","link":"https:\/\/rb-abogados.eu\/es\/","title":{"rendered":"Bienvenidos"},"content":{"rendered":"<section class=\"l-section wpb_row us_custom_d979e840 height_custom with_video\" id=\"hero\"><div id=\"us_bg_video_u2f4\" class=\"l-section-video\"><script id=\"us_bg_video_u2f4-script\">!function(w){var node = document.getElementById( 'us_bg_video_u2f4' );if ( w.innerWidth <= 600 ) { node.remove() }}(window);<\/script><style>@media(max-width:600px){#us_bg_video_u2f4{display:none!important}}<\/style><video  autoplay loop muted playsinline preload=\"auto\" tabindex=\"-1\"><source type=\"video\/mp4\" src=\"https:\/\/rb-abogados.eu\/wp-content\/uploads\/rba-video-header-008.mp4\" \/><\/video><\/div><div class=\"l-section-overlay\" style=\"background:linear-gradient(170deg,rgba(0,4,67,0.10),rgba(0,0,0,0.00))\"><\/div><div class=\"l-section-h i-cf\"><div class=\"g-cols vc_row via_flex valign_bottom type_boxes stacking_default\"><div class=\"vc_col-sm-12 vc_col-lg-3\/5 vc_col-md-12 vc_col-xs-12 wpb_column vc_column_container has_bg_color us_animate_afb\" style=\"animation-delay:0.4s\"><div class=\"vc_column-inner us_custom_c796b7d3\"><div class=\"wpb_wrapper\"><div class=\"wpb_text_column us_custom_411fbbc3 has_text_color\"><div class=\"wpb_wrapper\"><p class=\"ikonne\">Bienvenido a Ribas Brutschy Abogados<strong><br \/>\n<\/strong><\/p>\n<\/div><\/div><div class=\"wpb_text_column us_custom_71df35fa has_text_color\"><div class=\"wpb_wrapper\"><h1><span style=\"color: #000443;\">Bufete especializado en\u00a0Derecho alem\u00e1n, espa\u00f1ol y europeo<\/span><\/h1>\n<\/div><\/div><div class=\"w-btn-wrapper align_none\"><a class=\"w-btn us-btn-style_7 us_custom_e19868da\" title=\"Services\" href=\"http:\/\/rb-abogados.eu\/services\/\"><span class=\"w-btn-label\">Leer m\u00e1s<\/span><\/a><\/div><div class=\"w-hwrapper us_custom_ce2c73f7 valign_top align_none\"><\/div><\/div><\/div><\/div><div class=\"vc_col-sm-12 vc_col-lg-2\/5 wpb_column vc_column_container\"><div class=\"vc_column-inner us_custom_a055d0d2\"><div class=\"wpb_wrapper\"><div class=\"g-cols wpb_row us_custom_4af741be via_flex valign_middle type_default stacking_default\"><div class=\"vc_col-sm-12 wpb_column vc_column_container header-home-btn modal has_bg_color has-link\"><div class=\"vc_column-inner us_custom_4035fc12\"><div class=\"wpb_wrapper\"><div class=\"w-hwrapper us_custom_2c4f4a12 valign_middle align_none\"><div class=\"w-image align_center\"><div class=\"w-image-h\"><img decoding=\"async\" width=\"60\" height=\"60\" src=\"https:\/\/rb-abogados.eu\/wp-content\/uploads\/icon-bubbles.svg\" class=\"attachment-us_60_60_crop size-us_60_60_crop\" alt=\"Chat with us\" loading=\"lazy\" \/><\/div><\/div><div class=\"w-vwrapper us_custom_bb7bf8db align_none valign_middle\" style=\"--vwrapper-gap:0\"><div class=\"w-html us_custom_9e19c6d0 has_text_color\">Evaluaci\u00f3n<\/div><div class=\"w-html us_custom_b1bfa75e has_text_color\">preliminar gratuita en compraventas de inmuebles*<\/div><\/div><\/div><\/div><\/div><a href=\"#\" class=\"vc_column-link smooth-scroll\" aria-label=\"Enlace\"><\/a><\/div><\/div><\/div><\/div><\/div><\/div><\/div><\/section><section class=\"l-section wpb_row us_custom_cab663d2 height_custom parallax_ver\"><div class=\"l-section-h i-cf\"><div class=\"g-cols vc_row via_flex valign_bottom type_boxes stacking_default\"><div class=\"vc_col-sm-6 wpb_column vc_column_container\"><div class=\"vc_column-inner us_custom_4ed2bb29\"><div class=\"wpb_wrapper\"><div class=\"g-cols wpb_row us_custom_b6a72ce1 via_flex valign_top type_boxes stacking_default\"><div class=\"vc_col-sm-12 wpb_column vc_column_container\"><div class=\"vc_column-inner us_custom_4af087c9\"><div class=\"wpb_wrapper\">[vc_raw_html css=\u00bb%7B%22default%22%3A%7B%22color%22%3A%22%23d0eb29%22%2C%22text-align%22%3A%22left%22%2C%22font-family%22%3A%22h2%22%2C%22font-weight%22%3A%22900%22%2C%22font-size%22%3A%22100px%22%2C%22line-height%22%3A%2270px%22%2C%22margin-bottom%22%3A%2220px%22%2C%22padding-left%22%3A%220%22%2C%22padding-top%22%3A%220%22%2C%22padding-bottom%22%3A%220%22%2C%22padding-right%22%3A%220%22%7D%2C%22tablets%22%3A%7B%22padding-bottom%22%3A%220%22%7D%2C%22mobiles%22%3A%7B%22padding-top%22%3A%22-40px%22%2C%22padding-bottom%22%3A%220%22%7D%7D\u00bb]JUMyJUJC[\/vc_raw_html]<div class=\"wpb_text_column us_custom_42fe7699 has_text_color\"><div class=\"wpb_wrapper\"><p>Qui suo iure utitur, nemini facit iniuriam<\/p>\n<\/div><\/div><div class=\"wpb_text_column us_custom_dbea906a has_text_color\"><div class=\"wpb_wrapper\"><p>El que usa de su derecho, a nadie hace injuria<\/p>\n<\/div><\/div><\/div><\/div><\/div><\/div><\/div><\/div><\/div><div class=\"vc_col-sm-6 wpb_column vc_column_container has_bg_color us_animate_afb stretched\" style=\"animation-delay:0.4s\"><div class=\"vc_column-inner us_custom_f2e0ab94\"><div class=\"wpb_wrapper\"><div class=\"w-grid us_grid us_custom_821ea863 type_grid layout_7698 cols_1 overflow_hidden preload_style_spinner\" id=\"us_grid_1\" style=\"--columns:1;--gap:0px;\" data-filterable=\"true\"><style>.layout_7698 .w-grid-item-h{background:#f3f2f8;color:#2b2936}.layout_7698 .usg_vwrapper_3{transition-duration:0.3s;transform-origin:50% 50%;transform:scale(1) translate(0%,0%)}.layout_7698 .w-grid-item-h:focus-within .usg_vwrapper_3,.layout_7698 .w-grid-item-h:hover .usg_vwrapper_3{transform:scale(1) translate(0%,0%);opacity:1}.layout_7698 .usg_post_image_1{transition-duration:0.3s;transform-origin:50% 50%;transform:scale(1) translate(0%,0%)}.layout_7698 .w-grid-item-h:focus-within .usg_post_image_1,.layout_7698 .w-grid-item-h:hover .usg_post_image_1{transform:scale(1.20) translate(0%,0%);opacity:1}@media(min-width:601px){.layout_7698 .usg_post_image_2{display:none!important}}.layout_7698 .usg_post_title_1{margin-bottom:30px!important}.layout_7698 .usg_vwrapper_1{width:50%!important;height:100%!important;position:relative!important;right:-50%!important;padding:60px!important}.layout_7698 .usg_vwrapper_3{width:50%!important;height:100%!important;position:absolute!important;background:#000443!important}.layout_7698 .usg_post_image_1{width:100%!important;height:100%!important}.layout_7698 .usg_hwrapper_1{position:relative!important}.layout_7698 .usg_hwrapper_2{width:300px!important;height:3px!important;margin-left:-140px!important;margin-bottom:40px!important;background:#d0eb29!important}.layout_7698 .usg_btn_1{margin-top:20px!important}.layout_7698 .usg_vwrapper_2{width:100%!important;height:100%!important;position:absolute!important;left:0px!important;top:0px!important;bottom:0px!important;right:0px!important;z-index:10!important;background:rgba(0,4,67,0.00)!important}.layout_7698 .usg_post_image_2{margin-bottom:30px!important}.layout_7698 .usg_text_1{color:#000443!important;font-weight:700!important;font-size:16px!important;line-height:32px!important;letter-spacing:4px!important;margin-bottom:30px!important}@media (min-width:601px) and (max-width:1024px){.layout_7698 .usg_vwrapper_1{width:50%!important;height:100%!important;position:relative!important;right:-40%!important;padding:40px!important}.layout_7698 .usg_vwrapper_3{width:40%!important;height:100%!important;position:absolute!important}.layout_7698 .usg_hwrapper_1{position:relative!important}}@media (max-width:600px){.layout_7698 .usg_vwrapper_1{width:100%!important;height:100%!important;right:0!important;padding:1.5em!important;background:#f5f5f7!important}.layout_7698 .usg_vwrapper_3{width:100%!important;height:100%!important}}<\/style><div class=\"w-grid-list\">\t<article class=\"w-grid-item size_1x1 post-11520 post type-post status-publish format-standard has-post-thumbnail hentry category-actualidad category-highlight-es tag-anti-money-laundering-aml tag-identificacion-de-los-titulares-reales tag-know-your-customer-kyc tag-prevencion-del-blanqueo-de-capitales-y-de-la-financiacion-del-terrorismo tag-verificacion-del-origen-de-los-fondos-empleados\" data-id=\"11520\">\r\n\t\t<div class=\"w-grid-item-h\">\r\n\t\t\t\t\t\t<div class=\"w-hwrapper usg_hwrapper_1 align_left valign_top\" style=\"--hwrapper-gap:0\"><div class=\"w-vwrapper usg_vwrapper_3 overflow-hidden align_left valign_top\" style=\"--vwrapper-gap:0\"><div class=\"w-post-elm post_image usg_post_image_1 has_width has_height stretched\"><a href=\"https:\/\/rb-abogados.eu\/es\/kyc-y-aml-en-nuestro-despacho-seguridad-juridica-transparencia-y-un-procedimiento-proporcionado\/\" aria-label=\"KYC y AML en nuestro despacho: Seguridad jur\u00eddica, transparencia y un procedimiento proporcionado\"><img loading=\"lazy\" decoding=\"async\" width=\"1024\" height=\"576\" src=\"https:\/\/rb-abogados.eu\/wp-content\/uploads\/AdobeStock_1920329620-1-1024x576.jpeg\" class=\"attachment-large size-large wp-post-image\" alt=\"\" srcset=\"https:\/\/rb-abogados.eu\/wp-content\/uploads\/AdobeStock_1920329620-1-1024x576.jpeg 1024w, https:\/\/rb-abogados.eu\/wp-content\/uploads\/AdobeStock_1920329620-1-300x169.jpeg 300w\" sizes=\"auto, (max-width: 1024px) 100vw, 1024px\" \/><\/a><\/div><div class=\"w-vwrapper usg_vwrapper_2 align_left valign_top\"><\/div><\/div><div class=\"w-vwrapper usg_vwrapper_1 highlight-post align_left valign_top\"><div class=\"w-post-elm post_image usg_post_image_2 stretched\"><a href=\"https:\/\/rb-abogados.eu\/es\/kyc-y-aml-en-nuestro-despacho-seguridad-juridica-transparencia-y-un-procedimiento-proporcionado\/\" aria-label=\"KYC y AML en nuestro despacho: Seguridad jur\u00eddica, transparencia y un procedimiento proporcionado\"><img loading=\"lazy\" decoding=\"async\" width=\"1024\" height=\"576\" src=\"https:\/\/rb-abogados.eu\/wp-content\/uploads\/AdobeStock_1920329620-1-1024x576.jpeg\" class=\"attachment-large size-large wp-post-image\" alt=\"\" srcset=\"https:\/\/rb-abogados.eu\/wp-content\/uploads\/AdobeStock_1920329620-1-1024x576.jpeg 1024w, https:\/\/rb-abogados.eu\/wp-content\/uploads\/AdobeStock_1920329620-1-300x169.jpeg 300w\" sizes=\"auto, (max-width: 1024px) 100vw, 1024px\" \/><\/a><\/div><div class=\"w-text usg_text_1 has_text_color\"><a href=\"\/es\/thema\/actualidad\/\" class=\"w-text-h\"><span class=\"w-text-value\">Actualidad <\/span><\/a><\/div><h4 class=\"w-post-elm post_title usg_post_title_1 align_left entry-title\"><a href=\"https:\/\/rb-abogados.eu\/es\/kyc-y-aml-en-nuestro-despacho-seguridad-juridica-transparencia-y-un-procedimiento-proporcionado\/\">KYC y AML en nuestro despacho: Seguridad jur\u00eddica, transparencia y un procedimiento proporcionado<\/a><\/h4><div class=\"w-hwrapper usg_hwrapper_2 align_left valign_top\" style=\"--hwrapper-gap:0\"><\/div><div class=\"w-post-elm post_content usg_post_content_1\">En los \u00faltimos a\u00f1os, las exigencias en materia de prevenci\u00f3n&hellip;<\/div><a class=\"w-btn us-btn-style_2 usg_btn_1 icon_atright\" href=\"https:\/\/rb-abogados.eu\/es\/kyc-y-aml-en-nuestro-despacho-seguridad-juridica-transparencia-y-un-procedimiento-proporcionado\/\"><span class=\"w-btn-label\">Ir al art\u00edculo<\/span><i class=\"far fa-long-arrow-right\"><\/i><\/a><\/div><\/div>\t\t<\/div>\r\n\t\t\t<\/article>\r\n<\/div>\t<div class=\"w-grid-preloader\">\r\n\t\t<div class=\"g-preloader type_1\">\r\n\t\t\t<div><\/div>\r\n\t\t<\/div>\r\n\t<\/div>\r\n\t\t<div class=\"w-grid-json hidden\" onclick='return {&quot;action&quot;:&quot;us_ajax_grid&quot;,&quot;infinite_scroll&quot;:0,&quot;max_num_pages&quot;:10,&quot;pagination&quot;:&quot;none&quot;,&quot;template_vars&quot;:{&quot;columns&quot;:&quot;1&quot;,&quot;exclude_items&quot;:&quot;none&quot;,&quot;img_size&quot;:&quot;default&quot;,&quot;ignore_items_size&quot;:0,&quot;items_layout&quot;:&quot;7698&quot;,&quot;items_offset&quot;:&quot;1&quot;,&quot;load_animation&quot;:&quot;none&quot;,&quot;overriding_link&quot;:&quot;{\\&quot;url\\&quot;:\\&quot;\\&quot;}&quot;,&quot;post_id&quot;:0,&quot;query_args&quot;:{&quot;post_type&quot;:[&quot;post&quot;],&quot;tax_query&quot;:[{&quot;taxonomy&quot;:&quot;category&quot;,&quot;field&quot;:&quot;slug&quot;,&quot;terms&quot;:[&quot;highlight-startseite&quot;,&quot;highlight-es&quot;]}],&quot;post_status&quot;:[&quot;publish&quot;],&quot;posts_per_page&quot;:&quot;1&quot;},&quot;orderby_query_args&quot;:{&quot;orderby&quot;:{&quot;date&quot;:&quot;DESC&quot;}},&quot;type&quot;:&quot;grid&quot;,&quot;us_grid_post_type&quot;:&quot;post&quot;,&quot;us_grid_ajax_index&quot;:1,&quot;us_grid_filter_query_string&quot;:null,&quot;us_grid_index&quot;:1,&quot;page_args&quot;:[],&quot;lang&quot;:&quot;es&quot;}}'><\/div>\r\n\t<\/div><\/div><\/div><\/div><\/div><\/div><\/section><section class=\"l-section wpb_row us_custom_7dfe7f96 height_custom with_img parallax_ver\"><div class=\"l-section-img\" role=\"img\" aria-label=\"Kanzlei R\u00e4ume\" data-img-width=\"1920\" data-img-height=\"1080\" style=\"background-image: url(https:\/\/rb-abogados.eu\/wp-content\/uploads\/16-9-_0027_rba-025.jpg);background-repeat: no-repeat;\"><\/div><div class=\"l-section-overlay\" style=\"background:rgba(0,3,46,0.40)\"><\/div><div class=\"l-section-h i-cf\"><div class=\"g-cols vc_row via_flex valign_bottom type_boxes stacking_default\"><div class=\"vc_col-sm-6 wpb_column vc_column_container\"><div class=\"vc_column-inner us_custom_97e39920\"><div class=\"wpb_wrapper\"><div class=\"w-hwrapper us_custom_e28183d5 valign_bottom wrap align_none\" style=\"--hwrapper-gap:100px\"><div class=\"w-vwrapper us_custom_c2e1b2de align_center valign_bottom\" style=\"--vwrapper-gap:20px\"><\/div><div class=\"w-vwrapper us_custom_c2e1b2de align_center valign_bottom\" style=\"--vwrapper-gap:20px\"><\/div><\/div><\/div><\/div><\/div><div class=\"vc_col-sm-6 wpb_column vc_column_container has_bg_color us_animate_afb stretched\" style=\"animation-delay:0.4s\"><div class=\"vc_column-inner us_custom_66b8a49a\"><div class=\"wpb_wrapper\"><div class=\"wpb_text_column us_custom_2d16e0e0 has_text_color\"><div class=\"wpb_wrapper\"><p class=\"ikonne\"><strong>Bienvenido<\/strong><\/p>\n<\/div><\/div><div class=\"wpb_text_column us_custom_816e5741 has_text_color\"><div class=\"wpb_wrapper\"><h2 class=\"ikonne\">A RIBAS BRUTSCHY ABOGADOS<\/h2>\n<\/div><\/div><div class=\"w-hwrapper us_custom_e82167c4 valign_top align_none\"><\/div><div class=\"wpb_text_column us_custom_3b6c368a has_text_color\"><div class=\"wpb_wrapper\"><p class=\"ikonne\">SU DESPACHO ESPECIALIZADO EN ASUNTOS JURIDICOS HISPANO-ALEMANES Y EUROPEOS.<\/p>\n<\/div><\/div><div class=\"w-hwrapper us_custom_41dfdd7b valign_top align_none\"><\/div><\/div><\/div><\/div><\/div><\/div><\/section><section class=\"l-section wpb_row us_custom_eec547c7 height_custom width_full parallax_ver parallax_xpos_right\"><div class=\"l-section-overlay\" style=\"background:rgba(255,255,255,0.50)\"><\/div><div class=\"l-section-h i-cf\"><div class=\"g-cols vc_row via_flex valign_top type_boxes stacking_default\"><div class=\"vc_col-sm-6 vc_col-lg-3 wpb_column vc_column_container has_bg_color\"><div class=\"vc_column-inner us_custom_b783a1f5\"><div class=\"wpb_wrapper\"><div class=\"w-image us_custom_8d5aa4e2 style_circle align_center\"><div class=\"w-image-h\"><img decoding=\"async\" width=\"100\" height=\"100\" src=\"https:\/\/rb-abogados.eu\/wp-content\/uploads\/icon-o-deutschland_2.svg\" class=\"attachment-us_100_100_crop size-us_100_100_crop\" alt=\"Deutschland Schatten\" loading=\"lazy\" \/><\/div><\/div><div class=\"w-btn-wrapper align_center\"><a class=\"w-btn us-btn-style_3 icon_atright\" href=\"https:\/\/rb-abogados.eu\/es\/areas-juridicas\/\"><span class=\"w-btn-label\">Derecho Alem\u00e1n<\/span><i class=\"far fa-long-arrow-right\"><\/i><\/a><\/div><\/div><\/div><\/div><div class=\"vc_col-sm-6 vc_col-lg-3 wpb_column vc_column_container has_bg_color\"><div class=\"vc_column-inner us_custom_99aca67a\"><div class=\"wpb_wrapper\"><div class=\"w-image us_custom_8d5aa4e2 align_center\"><div class=\"w-image-h\"><img decoding=\"async\" width=\"100\" height=\"100\" src=\"https:\/\/rb-abogados.eu\/wp-content\/uploads\/icon-o-europa_2.svg\" class=\"attachment-us_100_100_crop size-us_100_100_crop\" alt=\"Spanien Schatten\" loading=\"lazy\" \/><\/div><\/div><div class=\"w-btn-wrapper align_center\"><a class=\"w-btn us-btn-style_3 icon_atright\" href=\"https:\/\/rb-abogados.eu\/es\/areas-juridicas\/\"><span class=\"w-btn-label\">Derecho Espa\u00f1ol<\/span><i class=\"far fa-long-arrow-right\"><\/i><\/a><\/div><\/div><\/div><\/div><div class=\"vc_col-sm-6 vc_col-lg-3 wpb_column vc_column_container has_bg_color\"><div class=\"vc_column-inner us_custom_1231134d\"><div class=\"wpb_wrapper\"><div class=\"w-image us_custom_8d5aa4e2 align_center\"><div class=\"w-image-h\"><img decoding=\"async\" width=\"100\" height=\"100\" src=\"https:\/\/rb-abogados.eu\/wp-content\/uploads\/icon-o-spanien_2.svg\" class=\"attachment-us_100_100_crop size-us_100_100_crop\" alt=\"Europa Schatten\" loading=\"lazy\" \/><\/div><\/div><div class=\"w-btn-wrapper align_center\"><a class=\"w-btn us-btn-style_3 icon_atright\" href=\"https:\/\/rb-abogados.eu\/es\/derecho-europeo\/\"><span class=\"w-btn-label\">Derecho Europeo \/ Derecho Internacional Privado<\/span><i class=\"far fa-long-arrow-right\"><\/i><\/a><\/div><\/div><\/div><\/div><div class=\"vc_col-sm-6 vc_col-lg-3 wpb_column vc_column_container has_bg_color\"><div class=\"vc_column-inner us_custom_c63c8b24\"><div class=\"wpb_wrapper\"><div class=\"w-image us_custom_8d5aa4e2 align_center\"><div class=\"w-image-h\"><img decoding=\"async\" width=\"100\" height=\"100\" src=\"https:\/\/rb-abogados.eu\/wp-content\/uploads\/maplatein-amerika.svg\" class=\"attachment-us_100_100_crop size-us_100_100_crop\" alt=\"latainamerikanische Karte\" loading=\"lazy\" \/><\/div><\/div><div class=\"w-btn-wrapper align_center\"><a class=\"w-btn us-btn-style_6 us_custom_6df4bc3a has_text_color icon_atright\" href=\"https:\/\/rb-abogados.eu\/es\/derecho-latinoamericano\/\"><span class=\"w-btn-label\">Derecho Latinoamericano<\/span><i class=\"far fa-long-arrow-right\"><\/i><\/a><\/div><\/div><\/div><\/div><\/div><\/div><\/section><section class=\"l-section wpb_row us_custom_56be561b height_custom parallax_ver parallax_xpos_right\"><div class=\"l-section-overlay\" style=\"background:rgba(255,255,255,0.50)\"><\/div><div class=\"l-section-h i-cf\"><div class=\"g-cols vc_row via_flex valign_top type_boxes stacking_default\"><div class=\"vc_col-sm-12 wpb_column vc_column_container\"><div class=\"vc_column-inner us_custom_dc179857\"><div class=\"wpb_wrapper\"><div class=\"wpb_text_column us_custom_50cc7d67\"><div class=\"wpb_wrapper\"><h2 style=\"text-align: center;\">Despacho y servicios<\/h2>\n<\/div><\/div><div class=\"w-hwrapper us_custom_627042fa valign_top align_none\"><\/div><\/div><\/div><\/div><div class=\"vc_col-sm-6 vc_col-lg-6 wpb_column vc_column_container\"><div class=\"vc_column-inner us_custom_7c6ce302\"><div class=\"wpb_wrapper\"><div class=\"g-cols wpb_row via_flex valign_middle type_boxes stacking_default\"><div class=\"vc_col-sm-12 wpb_column vc_column_container has_bg_color us_animate_afb\" style=\"animation-delay:0.2s\"><div class=\"vc_column-inner us_custom_6c8311fd\"><div class=\"wpb_wrapper\">[vc_raw_html css=\u00bb%7B%22default%22%3A%7B%22color%22%3A%22%23000443%22%2C%22text-align%22%3A%22center%22%2C%22font-size%22%3A%2240px%22%2C%22line-height%22%3A%2280px%22%2C%22background-color%22%3A%22%23d0eb29%22%2C%22width%22%3A%2280px%22%2C%22height%22%3A%2280px%22%2C%22margin-bottom%22%3A%2230px%22%2C%22padding-bottom%22%3A%220%22%2C%22position%22%3A%22absolute%22%2C%22left%22%3A%22-40px%22%2C%22top%22%3A%2240px%22%2C%22box-shadow-v-offset%22%3A%225px%22%2C%22box-shadow-blur%22%3A%2220px%22%2C%22box-shadow-color%22%3A%22rgba%280%2C4%2C67%2C0.20%29%22%7D%2C%22tablets%22%3A%7B%22position%22%3A%22relative%22%2C%22left%22%3A%220%22%2C%22top%22%3A%220%22%2C%22box-shadow-v-offset%22%3A%220%22%2C%22box-shadow-blur%22%3A%220%22%2C%22box-shadow-color%22%3A%22rgba%280%2C4%2C67%2C0.20%29%22%7D%2C%22mobiles%22%3A%7B%22position%22%3A%22relative%22%2C%22left%22%3A%220%22%2C%22top%22%3A%220%22%2C%22box-shadow-v-offset%22%3A%220%22%2C%22box-shadow-blur%22%3A%220%22%2C%22box-shadow-color%22%3A%22rgba%280%2C4%2C67%2C0.20%29%22%7D%7D\u00bb]JTNDaSUyMGNsYXNzJTNEJTIyZmFsJTIwZmEtdW5pdmVyc2l0eSUyMiUzRSUzQyUyRmklM0U=[\/vc_raw_html]<div class=\"wpb_text_column us_custom_50cc7d67\"><div class=\"wpb_wrapper\"><h3><span class=\"ikonne2\">EL BUFETE<\/span><\/h3>\n<\/div><\/div><div class=\"wpb_text_column us_custom_2eec13b6\"><div class=\"wpb_wrapper\"><p>Ribas Brutschy Abogados es un despacho especializado en asuntos jur\u00eddicos hispano-alemanes, europeos e internacionales, con sedes en Alemania (Baden-Wurtemberg) y Espa\u00f1a (Islas Baleares).<\/p>\n<\/div><\/div><div class=\"w-btn-wrapper align_none\"><a class=\"w-btn us-btn-style_3 us_custom_1f257949 icon_atright\" href=\"https:\/\/www.rb-abogados.eu\/es\/el-bufete\/\"><span class=\"w-btn-label\">M\u00e1s informaci\u00f3n sobre nuestro despacho<\/span><i class=\"far fa-long-arrow-right\"><\/i><\/a><\/div><\/div><\/div><\/div><\/div><\/div><\/div><\/div><div class=\"vc_col-sm-6 vc_col-lg-6 wpb_column vc_column_container\"><div class=\"vc_column-inner us_custom_7c6ce302\"><div class=\"wpb_wrapper\"><div class=\"g-cols wpb_row via_flex valign_middle type_boxes stacking_default\"><div class=\"vc_col-sm-12 wpb_column vc_column_container has_bg_color us_animate_afb\" style=\"animation-delay:0.4s\"><div class=\"vc_column-inner us_custom_6c8311fd\"><div class=\"wpb_wrapper\">[vc_raw_html css=\u00bb%7B%22default%22%3A%7B%22color%22%3A%22%23000443%22%2C%22text-align%22%3A%22center%22%2C%22font-size%22%3A%2240px%22%2C%22line-height%22%3A%2280px%22%2C%22background-color%22%3A%22%23d0eb29%22%2C%22width%22%3A%2280px%22%2C%22height%22%3A%2280px%22%2C%22margin-bottom%22%3A%2230px%22%2C%22padding-bottom%22%3A%220%22%2C%22position%22%3A%22absolute%22%2C%22left%22%3A%22-40px%22%2C%22top%22%3A%2240px%22%2C%22box-shadow-v-offset%22%3A%225px%22%2C%22box-shadow-blur%22%3A%2220px%22%2C%22box-shadow-color%22%3A%22rgba%280%2C4%2C67%2C0.20%29%22%7D%2C%22tablets%22%3A%7B%22position%22%3A%22relative%22%2C%22left%22%3A%220%22%2C%22top%22%3A%220%22%2C%22box-shadow-v-offset%22%3A%220%22%2C%22box-shadow-blur%22%3A%220%22%2C%22box-shadow-color%22%3A%22rgba%280%2C4%2C67%2C0.20%29%22%7D%2C%22mobiles%22%3A%7B%22position%22%3A%22relative%22%2C%22left%22%3A%220%22%2C%22top%22%3A%220%22%2C%22box-shadow-v-offset%22%3A%220%22%2C%22box-shadow-blur%22%3A%220%22%2C%22box-shadow-color%22%3A%22rgba%280%2C4%2C67%2C0.20%29%22%7D%7D\u00bb]JTNDaSUyMGNsYXNzJTNEJTIyZmFsJTIwZmEtZ2F2ZWwlMjIlM0UlM0MlMkZpJTNF[\/vc_raw_html]<div class=\"wpb_text_column us_custom_50cc7d67\"><div class=\"wpb_wrapper\"><h3><span class=\"ikonne2\">AREAS JURIDICAS<\/span><\/h3>\n<\/div><\/div><div class=\"wpb_text_column us_custom_2eec13b6\"><div class=\"wpb_wrapper\"><p>Las principales competencias de nuestro despacho se centran en el Derecho civil, mercantil e internacional, Derecho penal econ\u00f3mico, Derecho inmobiliario, Derecho fiscal y Derecho de sucesiones y donaciones, tanto alem\u00e1n, como espa\u00f1ol y europeo.<\/p>\n<\/div><\/div><div class=\"w-btn-wrapper align_none\"><a class=\"w-btn us-btn-style_3 us_custom_1f257949 icon_atright\" href=\"https:\/\/www.rb-abogados.eu\/es\/areas-juridicas\/\"><span class=\"w-btn-label\">Todas las \u00e1reas jur\u00eddicas<\/span><i class=\"far fa-long-arrow-right\"><\/i><\/a><\/div><\/div><\/div><\/div><\/div><\/div><\/div><\/div><\/div><\/div><\/section><section class=\"l-section wpb_row us_custom_6c3e1d6a height_custom with_img parallax_ver\"><div class=\"l-section-img\" role=\"img\" aria-label=\"Anwalt arbeitet an in einer Kanzlei\" data-img-width=\"1920\" data-img-height=\"1080\" style=\"background-image: url(https:\/\/rb-abogados.eu\/wp-content\/uploads\/16-9-_0029_rba-027.jpg);\"><\/div><div class=\"l-section-overlay\" style=\"background:rgba(0,3,46,0.40)\"><\/div><div class=\"l-section-h i-cf\"><div class=\"g-cols vc_row via_flex valign_bottom type_boxes stacking_default\"><div class=\"vc_col-sm-6 vc_hidden-sm vc_hidden-xs wpb_column vc_column_container\"><div class=\"vc_column-inner us_custom_460471ed\"><div class=\"wpb_wrapper\"><div class=\"w-image us_custom_cc35cdad has_height align_none us_animate_afb has_bg_color\" style=\"animation-delay:0.4s\"><div class=\"w-image-h\"><img decoding=\"async\" src=\"https:\/\/rb-abogados.eu\/wp-content\/uploads\/eustars.svg\" class=\"attachment-full size-full\" alt=\"Europa Stars\" loading=\"lazy\" \/><\/div><\/div><div class=\"w-btn-wrapper align_none\"><a class=\"w-btn us-btn-style_5 us_custom_af6a9b6a icon_atright\" href=\"https:\/\/www.rb-abogados.eu\/es\/el-bufete\/\"><span class=\"w-btn-label\">Su bufete de abogados internacional<\/span><i class=\"far fa-long-arrow-right\"><\/i><\/a><\/div><\/div><\/div><\/div><div class=\"vc_col-sm-6 wpb_column vc_column_container mc-0 has_bg_color us_animate_afb stretched\" style=\"animation-delay:0.4s\"><div class=\"vc_column-inner us_custom_6ef7f95a\"><div class=\"wpb_wrapper\"><div class=\"g-cols wpb_row us_custom_863654e6 via_flex valign_top type_boxes stacking_default\"><div class=\"vc_col-sm-12 wpb_column vc_column_container\"><div class=\"vc_column-inner us_custom_f377fcf2\"><div class=\"wpb_wrapper\"><div class=\"wpb_text_column us_custom_50cc7d67\"><div class=\"wpb_wrapper\"><h2>Nuestro trabajo<\/h2>\n<\/div><\/div><div class=\"w-hwrapper us_custom_e82167c4 valign_top align_none\"><\/div><div class=\"wpb_text_column\"><div class=\"wpb_wrapper\"><p>Ribas Brutschy Abogados es un bufete de abogados internacional con oficinas en Alemania y Espa\u00f1a. Nuestros abogados hispano-alemanes est\u00e1n especializados en Derecho alem\u00e1n, Derecho espa\u00f1ol, asuntos jur\u00eddicos hispano-alemanes y cuestiones relativas al Derecho europeo.<\/p>\n<p>Nuestra labor se centra en el asesoramiento jur\u00eddico integral de peque\u00f1as y medianas empresas, as\u00ed como de particulares y emprendedores, sobre todo en materia jur\u00eddica y fiscal.<\/p>\n<p>Gracias a las alianzas estrat\u00e9gicas, nuestro despacho se beneficia de los conocimientos de abogados especializados, auditores y asesores fiscales alemanes y espa\u00f1oles, pudiendo ofrecer as\u00ed un asesoramiento integral en el \u00e1mbito del ordenamiento jur\u00eddico espa\u00f1ol, alem\u00e1n y europeo.<\/p>\n<\/div><\/div><div class=\"w-hwrapper us_custom_9577d85d valign_top align_none\"><\/div><\/div><\/div><\/div><\/div><\/div><\/div><\/div><\/div><\/div><\/section><section class=\"l-section wpb_row us_custom_21ba4c34 height_custom\"><div class=\"l-section-overlay\" style=\"background:rgba(0,3,46,0.75)\"><\/div><div class=\"l-section-h i-cf\"><div class=\"g-cols vc_row via_flex valign_bottom type_boxes stacking_default\"><div class=\"vc_col-sm-12 vc_hidden-lg vc_hidden-md wpb_column vc_column_container has_bg_color\"><div class=\"vc_column-inner us_custom_93194980\"><div class=\"wpb_wrapper\"><div class=\"w-image align_none\"><div class=\"w-image-h\"><img decoding=\"async\" width=\"760\" height=\"500\" src=\"https:\/\/rb-abogados.eu\/wp-content\/uploads\/small-_0033_rba-027.jpg\" class=\"attachment-large size-large\" alt=\"\" loading=\"lazy\" srcset=\"https:\/\/rb-abogados.eu\/wp-content\/uploads\/small-_0033_rba-027.jpg 760w, https:\/\/rb-abogados.eu\/wp-content\/uploads\/small-_0033_rba-027-300x197.jpg 300w\" sizes=\"auto, (max-width: 760px) 100vw, 760px\" \/><\/div><\/div><\/div><\/div><\/div><\/div><\/div><\/section><section class=\"l-section wpb_row us_custom_d2b90a4a height_custom parallax_fixed\"><div class=\"l-section-h i-cf\"><div class=\"g-cols vc_row via_flex valign_top type_default stacking_default\" style=\"--additional-gap:0px;\"><div class=\"vc_col-sm-12 wpb_column vc_column_container\"><div class=\"vc_column-inner\"><div class=\"wpb_wrapper\">[vc_raw_html css=\u00bb%7B%22default%22%3A%7B%22background-color%22%3A%22%23d0eb29%22%2C%22width%22%3A%223px%22%2C%22height%22%3A%22100px%22%2C%22margin-left%22%3A%22auto%22%2C%22margin-top%22%3A%220%22%2C%22margin-bottom%22%3A%220%22%2C%22margin-right%22%3A%22auto%22%2C%22position%22%3A%22relative%22%2C%22top%22%3A%22-90px%22%7D%7D\u00bb][\/vc_raw_html]<div class=\"g-cols wpb_row us_custom_b6a72ce1 via_flex valign_top type_default stacking_default\"><div class=\"vc_col-sm-12 wpb_column vc_column_container us_animate_afb\" style=\"animation-delay:0.4s\"><div class=\"vc_column-inner\"><div class=\"wpb_wrapper\"><div class=\"wpb_text_column us_custom_7985b843 has_text_color\"><div class=\"wpb_wrapper\"><h2 style=\"text-align: center;\">Actualidad<\/h2>\n<\/div><\/div><\/div><\/div><\/div><\/div><\/div><\/div><\/div><\/div><\/div><\/section><section class=\"l-section wpb_row us_custom_863654e6 height_custom parallax_fixed\"><div class=\"l-section-h i-cf\"><div class=\"g-cols vc_row via_flex valign_top type_boxes stacking_default\" style=\"--additional-gap:0px;\"><div class=\"vc_col-sm-12 vc_hidden-sm vc_hidden-xs wpb_column vc_column_container\"><div class=\"vc_column-inner us_custom_1019a3c4\"><div class=\"wpb_wrapper\"><div class=\"w-grid us_grid type_grid layout_7613 cols_3 pagination_ajax overflow_hidden preload_style_spinner\" id=\"us_grid_2\" style=\"--columns:3;--gap:0px;\" data-filterable=\"true\"><style>@media (max-width:1024px){#us_grid_2{--columns:2!important}}@media (max-width:600px){#us_grid_2{--columns:1!important}}.layout_7613 .w-grid-item-h{}.layout_7613 .usg_post_image_1{transition-duration:0.3s;transform-origin:50% 50%;transform:scale(1) translate(0%,0%)}.layout_7613 .w-grid-item-h:focus-within .usg_post_image_1,.layout_7613 .w-grid-item-h:hover .usg_post_image_1{transform:scale(1.1) translate(0%,0%);opacity:1}.layout_7613 .usg_vwrapper_3{transition-duration:0.3s;transform-origin:50% 50%;transform:scale(1) translate(0%,100%)}.layout_7613 .w-grid-item-h:focus-within .usg_vwrapper_3,.layout_7613 .w-grid-item-h:hover .usg_vwrapper_3{transform:scale(1) translate(0%,0%);opacity:1}.layout_7613 .usg_post_image_1{width:100%!important;height:100%!important}.layout_7613 .usg_post_title_1{color:#ffffff!important;margin-bottom:30px!important}.layout_7613 .usg_vwrapper_2{width:100%!important;height:100%!important;padding:0 0 0 0px!important;margin:0 0 0 0px!important}.layout_7613 .usg_vwrapper_1{width:100%!important;height:100%!important;position:relative!important;padding:0px!important;margin:0px!important}.layout_7613 .usg_vwrapper_3{width:100%!important;height:100%!important;position:absolute!important;left:0px!important;top:0!important;bottom:0px!important;right:0!important;z-index:5!important;padding:40px!important;background:rgba(0,4,67,0.75)!important;box-shadow:2px 2px 5px 0 rgba(43,41,54,0.25)!important}.layout_7613 .usg_post_date_1{color:#ffffff!important;font-weight:700!important;font-size:14px!important;letter-spacing:0.1em!important}.layout_7613 .usg_hwrapper_2{width:100px!important;height:3px!important;margin-left:-40px!important;background:#d0eb29!important}@media (min-width:601px) and (max-width:1024px){.layout_7613 .usg_vwrapper_3{padding:40px!important}}@media (max-width:600px){.layout_7613 .usg_post_title_1{font-size:1.2rem!important}.layout_7613 .usg_vwrapper_3{padding:40px 1.5em 40px 1.5em!important}}<\/style><div class=\"w-grid-list\">\t<article class=\"w-grid-item size_1x1 post-11520 post type-post status-publish format-standard has-post-thumbnail hentry category-actualidad category-highlight-es tag-anti-money-laundering-aml tag-identificacion-de-los-titulares-reales tag-know-your-customer-kyc tag-prevencion-del-blanqueo-de-capitales-y-de-la-financiacion-del-terrorismo tag-verificacion-del-origen-de-los-fondos-empleados\" data-id=\"11520\">\r\n\t\t<div class=\"w-grid-item-h\">\r\n\t\t\t\t\t\t<div class=\"w-vwrapper usg_vwrapper_2 align_left valign_top\"><div class=\"w-vwrapper usg_vwrapper_1 overflow-hidden align_left valign_top\"><div class=\"w-post-elm post_image usg_post_image_1 has_width has_height has_ratio\"><a href=\"https:\/\/rb-abogados.eu\/es\/kyc-y-aml-en-nuestro-despacho-seguridad-juridica-transparencia-y-un-procedimiento-proporcionado\/\" aria-label=\"KYC y AML en nuestro despacho: Seguridad jur\u00eddica, transparencia y un procedimiento proporcionado\"><img loading=\"lazy\" decoding=\"async\" width=\"2560\" height=\"1440\" src=\"https:\/\/rb-abogados.eu\/wp-content\/uploads\/AdobeStock_1920329620-1-scaled.jpeg\" class=\"attachment-full size-full wp-post-image\" alt=\"\" \/><\/a><div style=\"padding-bottom:100%\"><\/div><\/div><\/div><div class=\"w-vwrapper usg_vwrapper_3 align_left valign_top\"><div class=\"w-hwrapper usg_hwrapper_1 align_left valign_top\"><time class=\"w-post-elm post_date usg_post_date_1 has_text_color entry-date published\" datetime=\"2026-04-21T14:50:39+02:00\">21 Abr, 14:50<\/time><\/div><h4 class=\"w-post-elm post_title usg_post_title_1 has_text_color entry-title color_link_inherit\"><a href=\"https:\/\/rb-abogados.eu\/es\/kyc-y-aml-en-nuestro-despacho-seguridad-juridica-transparencia-y-un-procedimiento-proporcionado\/\">KYC y AML en nuestro despacho: Seguridad jur\u00eddica, transparencia y un procedimiento proporcionado<\/a><\/h4><div class=\"w-hwrapper usg_hwrapper_2 align_left valign_top\" style=\"--hwrapper-gap:\"><\/div><\/div><\/div>\t\t<\/div>\r\n\t\t\t<\/article>\r\n\t<article class=\"w-grid-item size_1x1 post-11507 post type-post status-publish format-standard has-post-thumbnail hentry category-actualidad category-herencias-y-sucesiones category-highlight-es tag-derecho-de-credito tag-legitima tag-legitima-como-derecho-de-credito tag-legitima-y-registro-de-la-propiedad tag-pars-valoris-bonorum\" data-id=\"11507\">\r\n\t\t<div class=\"w-grid-item-h\">\r\n\t\t\t\t\t\t<div class=\"w-vwrapper usg_vwrapper_2 align_left valign_top\"><div class=\"w-vwrapper usg_vwrapper_1 overflow-hidden align_left valign_top\"><div class=\"w-post-elm post_image usg_post_image_1 has_width has_height has_ratio\"><a href=\"https:\/\/rb-abogados.eu\/es\/la-constancia-registral-de-la-legitima-segun-su-naturaleza-y-su-proyeccion-en-supuestos-de-legitima-como-derecho-de-credito\/\" aria-label=\"La constancia registral de la leg\u00edtima seg\u00fan su naturaleza y su proyecci\u00f3n en supuestos de leg\u00edtima como derecho de cr\u00e9dito\"><img loading=\"lazy\" decoding=\"async\" width=\"2560\" height=\"1435\" src=\"https:\/\/rb-abogados.eu\/wp-content\/uploads\/Testament_handschriftlich-1-scaled.jpeg\" class=\"attachment-full size-full wp-post-image\" alt=\"\" \/><\/a><div style=\"padding-bottom:100%\"><\/div><\/div><\/div><div class=\"w-vwrapper usg_vwrapper_3 align_left valign_top\"><div class=\"w-hwrapper usg_hwrapper_1 align_left valign_top\"><time class=\"w-post-elm post_date usg_post_date_1 has_text_color entry-date published\" datetime=\"2026-03-19T15:21:36+01:00\">19 Mar, 15:21<\/time><\/div><h4 class=\"w-post-elm post_title usg_post_title_1 has_text_color entry-title color_link_inherit\"><a href=\"https:\/\/rb-abogados.eu\/es\/la-constancia-registral-de-la-legitima-segun-su-naturaleza-y-su-proyeccion-en-supuestos-de-legitima-como-derecho-de-credito\/\">La constancia registral de la leg\u00edtima seg\u00fan su naturaleza y su proyecci\u00f3n en supuestos de leg\u00edtima como derecho de cr\u00e9dito<\/a><\/h4><div class=\"w-hwrapper usg_hwrapper_2 align_left valign_top\" style=\"--hwrapper-gap:\"><\/div><\/div><\/div>\t\t<\/div>\r\n\t\t\t<\/article>\r\n\t<article class=\"w-grid-item size_1x1 post-11498 post type-post status-publish format-standard has-post-thumbnail hentry category-actualidad category-highlight-es category-inmobiliario tag-base-imponible tag-cuestion-de-inconstitucionalidad tag-tribunal-constitucional tag-valor-de-referencia\" data-id=\"11498\">\r\n\t\t<div class=\"w-grid-item-h\">\r\n\t\t\t\t\t\t<div class=\"w-vwrapper usg_vwrapper_2 align_left valign_top\"><div class=\"w-vwrapper usg_vwrapper_1 overflow-hidden align_left valign_top\"><div class=\"w-post-elm post_image usg_post_image_1 has_width has_height has_ratio\"><a href=\"https:\/\/rb-abogados.eu\/es\/el-valor-de-referencia-catastral-ratificado-por-el-tribunal-constitucional\/\" aria-label=\"El valor de referencia catastral ratificado por el Tribunal Constitucional\"><img loading=\"lazy\" decoding=\"async\" width=\"2560\" height=\"1440\" src=\"https:\/\/rb-abogados.eu\/wp-content\/uploads\/Inmueble-de-lujo_Ibiza-Baleares-scaled.jpeg\" class=\"attachment-full size-full wp-post-image\" alt=\"Verkehrswert von Immobilien in Spanien. Valor de referencia de inmuebles en Espa\u00f1a\" \/><\/a><div style=\"padding-bottom:100%\"><\/div><\/div><\/div><div class=\"w-vwrapper usg_vwrapper_3 align_left valign_top\"><div class=\"w-hwrapper usg_hwrapper_1 align_left valign_top\"><time class=\"w-post-elm post_date usg_post_date_1 has_text_color entry-date published\" datetime=\"2026-03-04T09:24:37+01:00\">4 Mar, 9:24<\/time><\/div><h4 class=\"w-post-elm post_title usg_post_title_1 has_text_color entry-title color_link_inherit\"><a href=\"https:\/\/rb-abogados.eu\/es\/el-valor-de-referencia-catastral-ratificado-por-el-tribunal-constitucional\/\">El valor de referencia catastral ratificado por el Tribunal Constitucional<\/a><\/h4><div class=\"w-hwrapper usg_hwrapper_2 align_left valign_top\" style=\"--hwrapper-gap:\"><\/div><\/div><\/div>\t\t<\/div>\r\n\t\t\t<\/article>\r\n<\/div>\t<div class=\"w-grid-preloader\">\r\n\t\t<div class=\"g-preloader type_1\">\r\n\t\t\t<div><\/div>\r\n\t\t<\/div>\r\n\t<\/div>\r\n\t\t\t\t<div class=\"g-loadmore \">\r\n\t\t\t\t<div class=\"g-preloader type_1\">\r\n\t\t\t\t\t<div><\/div>\r\n\t\t\t\t<\/div>\r\n\t\t\t\t<button class=\"w-btn us-btn-style_2\">\r\n\t\t\t\t\t<span class=\"w-btn-label\">Otros art\u00edculos<\/span>\r\n\t\t\t\t<\/button>\r\n\t\t\t<\/div>\r\n\t\t\t\t<div class=\"w-grid-json hidden\" onclick='return {&quot;action&quot;:&quot;us_ajax_grid&quot;,&quot;infinite_scroll&quot;:0,&quot;max_num_pages&quot;:8,&quot;pagination&quot;:&quot;ajax&quot;,&quot;template_vars&quot;:{&quot;columns&quot;:&quot;3&quot;,&quot;exclude_items&quot;:&quot;none&quot;,&quot;img_size&quot;:&quot;default&quot;,&quot;ignore_items_size&quot;:0,&quot;items_layout&quot;:&quot;7613&quot;,&quot;items_offset&quot;:&quot;1&quot;,&quot;load_animation&quot;:&quot;none&quot;,&quot;overriding_link&quot;:&quot;{\\&quot;url\\&quot;:\\&quot;\\&quot;}&quot;,&quot;post_id&quot;:0,&quot;query_args&quot;:{&quot;post_type&quot;:[&quot;post&quot;],&quot;tax_query&quot;:[{&quot;taxonomy&quot;:&quot;category&quot;,&quot;field&quot;:&quot;slug&quot;,&quot;terms&quot;:[&quot;actualidad&quot;]}],&quot;post_status&quot;:[&quot;publish&quot;],&quot;posts_per_page&quot;:&quot;3&quot;},&quot;orderby_query_args&quot;:{&quot;orderby&quot;:{&quot;date&quot;:&quot;DESC&quot;}},&quot;type&quot;:&quot;grid&quot;,&quot;us_grid_post_type&quot;:&quot;post&quot;,&quot;us_grid_ajax_index&quot;:2,&quot;us_grid_filter_query_string&quot;:null,&quot;us_grid_index&quot;:2,&quot;page_args&quot;:[],&quot;lang&quot;:&quot;es&quot;}}'><\/div>\r\n\t<\/div><\/div><\/div><\/div><div class=\"vc_col-sm-12 vc_hidden-lg vc_hidden-md wpb_column vc_column_container\"><div class=\"vc_column-inner us_custom_1019a3c4\"><div class=\"wpb_wrapper\"><div class=\"w-grid us_grid type_grid layout_7613 cols_2 pagination_ajax overflow_hidden preload_style_spinner\" id=\"us_grid_3\" style=\"--columns:2;--gap:0px;\" data-filterable=\"true\"><style>@media (max-width:600px){#us_grid_3{--columns:1!important}}<\/style><div class=\"w-grid-list\">\t<article class=\"w-grid-item size_1x1 post-11520 post type-post status-publish format-standard has-post-thumbnail hentry category-actualidad category-highlight-es tag-anti-money-laundering-aml tag-identificacion-de-los-titulares-reales tag-know-your-customer-kyc tag-prevencion-del-blanqueo-de-capitales-y-de-la-financiacion-del-terrorismo tag-verificacion-del-origen-de-los-fondos-empleados\" data-id=\"11520\">\r\n\t\t<div class=\"w-grid-item-h\">\r\n\t\t\t\t\t\t<div class=\"w-vwrapper usg_vwrapper_2 align_left valign_top\"><div class=\"w-vwrapper usg_vwrapper_1 overflow-hidden align_left valign_top\"><div class=\"w-post-elm post_image usg_post_image_1 has_width has_height has_ratio\"><a href=\"https:\/\/rb-abogados.eu\/es\/kyc-y-aml-en-nuestro-despacho-seguridad-juridica-transparencia-y-un-procedimiento-proporcionado\/\" aria-label=\"KYC y AML en nuestro despacho: Seguridad jur\u00eddica, transparencia y un procedimiento proporcionado\"><img loading=\"lazy\" decoding=\"async\" width=\"2560\" height=\"1440\" src=\"https:\/\/rb-abogados.eu\/wp-content\/uploads\/AdobeStock_1920329620-1-scaled.jpeg\" class=\"attachment-full size-full wp-post-image\" alt=\"\" \/><\/a><div style=\"padding-bottom:100%\"><\/div><\/div><\/div><div class=\"w-vwrapper usg_vwrapper_3 align_left valign_top\"><div class=\"w-hwrapper usg_hwrapper_1 align_left valign_top\"><time class=\"w-post-elm post_date usg_post_date_1 has_text_color entry-date published\" datetime=\"2026-04-21T14:50:39+02:00\">21 Abr, 14:50<\/time><\/div><h4 class=\"w-post-elm post_title usg_post_title_1 has_text_color entry-title color_link_inherit\"><a href=\"https:\/\/rb-abogados.eu\/es\/kyc-y-aml-en-nuestro-despacho-seguridad-juridica-transparencia-y-un-procedimiento-proporcionado\/\">KYC y AML en nuestro despacho: Seguridad jur\u00eddica, transparencia y un procedimiento proporcionado<\/a><\/h4><div class=\"w-hwrapper usg_hwrapper_2 align_left valign_top\" style=\"--hwrapper-gap:\"><\/div><\/div><\/div>\t\t<\/div>\r\n\t\t\t<\/article>\r\n\t<article class=\"w-grid-item size_1x1 post-11507 post type-post status-publish format-standard has-post-thumbnail hentry category-actualidad category-herencias-y-sucesiones category-highlight-es tag-derecho-de-credito tag-legitima tag-legitima-como-derecho-de-credito tag-legitima-y-registro-de-la-propiedad tag-pars-valoris-bonorum\" data-id=\"11507\">\r\n\t\t<div class=\"w-grid-item-h\">\r\n\t\t\t\t\t\t<div class=\"w-vwrapper usg_vwrapper_2 align_left valign_top\"><div class=\"w-vwrapper usg_vwrapper_1 overflow-hidden align_left valign_top\"><div class=\"w-post-elm post_image usg_post_image_1 has_width has_height has_ratio\"><a href=\"https:\/\/rb-abogados.eu\/es\/la-constancia-registral-de-la-legitima-segun-su-naturaleza-y-su-proyeccion-en-supuestos-de-legitima-como-derecho-de-credito\/\" aria-label=\"La constancia registral de la leg\u00edtima seg\u00fan su naturaleza y su proyecci\u00f3n en supuestos de leg\u00edtima como derecho de cr\u00e9dito\"><img loading=\"lazy\" decoding=\"async\" width=\"2560\" height=\"1435\" src=\"https:\/\/rb-abogados.eu\/wp-content\/uploads\/Testament_handschriftlich-1-scaled.jpeg\" class=\"attachment-full size-full wp-post-image\" alt=\"\" \/><\/a><div style=\"padding-bottom:100%\"><\/div><\/div><\/div><div class=\"w-vwrapper usg_vwrapper_3 align_left valign_top\"><div class=\"w-hwrapper usg_hwrapper_1 align_left valign_top\"><time class=\"w-post-elm post_date usg_post_date_1 has_text_color entry-date published\" datetime=\"2026-03-19T15:21:36+01:00\">19 Mar, 15:21<\/time><\/div><h4 class=\"w-post-elm post_title usg_post_title_1 has_text_color entry-title color_link_inherit\"><a href=\"https:\/\/rb-abogados.eu\/es\/la-constancia-registral-de-la-legitima-segun-su-naturaleza-y-su-proyeccion-en-supuestos-de-legitima-como-derecho-de-credito\/\">La constancia registral de la leg\u00edtima seg\u00fan su naturaleza y su proyecci\u00f3n en supuestos de leg\u00edtima como derecho de cr\u00e9dito<\/a><\/h4><div class=\"w-hwrapper usg_hwrapper_2 align_left valign_top\" style=\"--hwrapper-gap:\"><\/div><\/div><\/div>\t\t<\/div>\r\n\t\t\t<\/article>\r\n<\/div>\t<div class=\"w-grid-preloader\">\r\n\t\t<div class=\"g-preloader type_1\">\r\n\t\t\t<div><\/div>\r\n\t\t<\/div>\r\n\t<\/div>\r\n\t\t\t\t<div class=\"g-loadmore \">\r\n\t\t\t\t<div class=\"g-preloader type_1\">\r\n\t\t\t\t\t<div><\/div>\r\n\t\t\t\t<\/div>\r\n\t\t\t\t<button class=\"w-btn us-btn-style_2\">\r\n\t\t\t\t\t<span class=\"w-btn-label\">Otros art\u00edculos<\/span>\r\n\t\t\t\t<\/button>\r\n\t\t\t<\/div>\r\n\t\t\t\t<div class=\"w-grid-json hidden\" onclick='return {&quot;action&quot;:&quot;us_ajax_grid&quot;,&quot;infinite_scroll&quot;:0,&quot;max_num_pages&quot;:12,&quot;pagination&quot;:&quot;ajax&quot;,&quot;template_vars&quot;:{&quot;columns&quot;:&quot;2&quot;,&quot;exclude_items&quot;:&quot;none&quot;,&quot;img_size&quot;:&quot;default&quot;,&quot;ignore_items_size&quot;:0,&quot;items_layout&quot;:&quot;7613&quot;,&quot;items_offset&quot;:&quot;1&quot;,&quot;load_animation&quot;:&quot;none&quot;,&quot;overriding_link&quot;:&quot;{\\&quot;url\\&quot;:\\&quot;\\&quot;}&quot;,&quot;post_id&quot;:0,&quot;query_args&quot;:{&quot;post_type&quot;:[&quot;post&quot;],&quot;tax_query&quot;:[{&quot;taxonomy&quot;:&quot;category&quot;,&quot;field&quot;:&quot;slug&quot;,&quot;terms&quot;:[&quot;actualidad&quot;]}],&quot;post_status&quot;:[&quot;publish&quot;],&quot;posts_per_page&quot;:&quot;2&quot;},&quot;orderby_query_args&quot;:{&quot;orderby&quot;:{&quot;date&quot;:&quot;DESC&quot;}},&quot;type&quot;:&quot;grid&quot;,&quot;us_grid_post_type&quot;:&quot;post&quot;,&quot;us_grid_ajax_index&quot;:3,&quot;us_grid_filter_query_string&quot;:null,&quot;us_grid_index&quot;:3,&quot;page_args&quot;:[],&quot;lang&quot;:&quot;es&quot;}}'><\/div>\r\n\t<\/div><\/div><\/div><\/div><\/div><\/div><\/section><section class=\"l-section wpb_row height_custom\"><div class=\"l-section-h i-cf\"><div class=\"g-cols vc_row via_flex valign_top type_default stacking_default\"><div class=\"vc_col-sm-12 wpb_column vc_column_container\"><div class=\"vc_column-inner\"><div class=\"wpb_wrapper\"><\/div><\/div><\/div><\/div><\/div><\/section><section class=\"l-section wpb_row height_custom\"><div class=\"l-section-h i-cf\"><div class=\"g-cols vc_row via_flex valign_top type_default stacking_default\"><div class=\"vc_col-sm-12 wpb_column vc_column_container\"><div class=\"vc_column-inner\"><div class=\"wpb_wrapper\"><div class=\"w-popup align_none\"><span class=\"w-popup-trigger type_selector\" data-selector=\".modal\"><\/span><div class=\"w-popup-overlay\" style=\"background:rgba(244,238,241,0.8);\"><\/div><div class=\"w-popup-wrap layout_default\" role=\"dialog\" aria-modal=\"true\" aria-label=\"Ventana emergente\" style=\"--title-color:#000443;--title-bg-color:#D1EC29;--content-color:#000443;--content-bg-color:var(--color-content-bg);--popup-width:600px;--popup-padding:5%;\"><button aria-label=\"Cerrar\" class=\"w-popup-closer\" type=\"button\"><\/button><div class=\"w-popup-box animation_fadeIn closerpos_outside with_title\"><div class=\"w-popup-box-h\"><div class=\"w-popup-box-title\">Evaluaci\u00f3n preliminar gratuita en compraventas de inmuebles*<\/div><div class=\"w-popup-box-content\"><div class=\"wpcf7 no-js\" id=\"wpcf7-f11347-o1\" lang=\"es-ES\" dir=\"ltr\" data-wpcf7-id=\"11347\">\n<div class=\"screen-reader-response\"><p role=\"status\" aria-live=\"polite\" aria-atomic=\"true\"><\/p> <ul><\/ul><\/div>\n<form action=\"\/es\/wp-json\/wp\/v2\/pages\/7759#wpcf7-f11347-o1\" method=\"post\" class=\"wpcf7-form init\" aria-label=\"Formulario de contacto\" novalidate=\"novalidate\" data-status=\"init\">\n<fieldset class=\"hidden-fields-container\"><input type=\"hidden\" name=\"_wpcf7\" value=\"11347\" \/><input type=\"hidden\" name=\"_wpcf7_version\" value=\"6.1.5\" \/><input type=\"hidden\" name=\"_wpcf7_locale\" value=\"es_ES\" \/><input type=\"hidden\" name=\"_wpcf7_unit_tag\" value=\"wpcf7-f11347-o1\" \/><input type=\"hidden\" name=\"_wpcf7_container_post\" value=\"0\" \/><input type=\"hidden\" name=\"_wpcf7_posted_data_hash\" value=\"\" \/>\n<\/fieldset>\n<label class=\"gc-1-2\"><span class=\"wpcf7-form-control-wrap\" data-name=\"Empresa\"><input size=\"40\" maxlength=\"400\" class=\"wpcf7-form-control wpcf7-text\" aria-invalid=\"false\" placeholder=\"Empresa\" value=\"\" type=\"text\" name=\"Empresa\" \/><\/span><\/label>\n<span id=\"wpcf7-69f7577a088aa-wrapper\" class=\"wpcf7-form-control-wrap name-154-wrap\" style=\"display:none !important; visibility:hidden !important;\"><label for=\"wpcf7-69f7577a088aa-field\" class=\"hp-message\">Por favor, deja este campo vac\u00edo.<\/label><input id=\"wpcf7-69f7577a088aa-field\"  class=\"wpcf7-form-control wpcf7-text\" type=\"text\" name=\"name-154\" value=\"\" size=\"40\" tabindex=\"-1\" autocomplete=\"new-password\" \/><\/span>\n<label class=\"gc-1-2 ml\"><span class=\"wpcf7-form-control-wrap\" data-name=\"apellido-kontakt\"><input size=\"40\" maxlength=\"400\" class=\"wpcf7-form-control wpcf7-text wpcf7-validates-as-required\" aria-required=\"true\" aria-invalid=\"false\" placeholder=\"Apellido*\" value=\"\" type=\"text\" name=\"apellido-kontakt\" \/><\/span><\/label>\n<label class=\"gc-1-2\"><span class=\"wpcf7-form-control-wrap\" data-name=\"nombre-kontakt\"><input size=\"40\" maxlength=\"400\" class=\"wpcf7-form-control wpcf7-text wpcf7-validates-as-required\" aria-required=\"true\" aria-invalid=\"false\" placeholder=\"Nombre*\" value=\"\" type=\"text\" name=\"nombre-kontakt\" \/><\/span><\/label>\n<label class=\"gc-1-2 ml\"><span class=\"wpcf7-form-control-wrap\" data-name=\"email-kontakt\"><input size=\"40\" maxlength=\"400\" class=\"wpcf7-form-control wpcf7-email wpcf7-validates-as-required wpcf7-text wpcf7-validates-as-email\" aria-required=\"true\" aria-invalid=\"false\" placeholder=\"E-Mail*\" value=\"\" type=\"email\" name=\"email-kontakt\" \/><\/span> <\/label>\n<label class=\"gc-1-2\"><span class=\"wpcf7-form-control-wrap\" data-name=\"tel-kontakt\"><input size=\"40\" maxlength=\"400\" class=\"wpcf7-form-control wpcf7-tel wpcf7-validates-as-required wpcf7-text wpcf7-validates-as-tel\" aria-required=\"true\" aria-invalid=\"false\" placeholder=\"Tel\u00e9fono*\" value=\"\" type=\"tel\" name=\"tel-kontakt\" \/><\/span> <\/label>\n<label class=\"gc-1-2 ml\"><span class=\"wpcf7-form-control-wrap\" data-name=\"direccion-kontakt\"><input size=\"40\" maxlength=\"400\" class=\"wpcf7-form-control wpcf7-text\" aria-invalid=\"false\" placeholder=\"Direcci\u00f3n\" value=\"\" type=\"text\" name=\"direccion-kontakt\" \/><\/span> <\/label>\n<label class=\"gc-1-2 ml\"><span class=\"wpcf7-form-control-wrap\" data-name=\"inmobiliaria-kontakt\"><input size=\"40\" maxlength=\"400\" class=\"wpcf7-form-control wpcf7-text\" aria-invalid=\"false\" placeholder=\"Obra nueva o propiedad existente\" value=\"\" type=\"text\" name=\"inmobiliaria-kontakt\" \/><\/span> <\/label>\n<label class=\"gc-1-2 ml\"><span class=\"wpcf7-form-control-wrap\" data-name=\"area-kontakt\"><input size=\"40\" maxlength=\"400\" class=\"wpcf7-form-control wpcf7-text\" aria-invalid=\"false\" placeholder=\"D\u00f3nde comprar \/ vender\" value=\"\" type=\"text\" name=\"area-kontakt\" \/><\/span> <\/label>\n<label class=\"gc-1-2 ml\"><span class=\"wpcf7-form-control-wrap\" data-name=\"precio-kontakt\"><input size=\"40\" maxlength=\"400\" class=\"wpcf7-form-control wpcf7-text\" aria-invalid=\"false\" placeholder=\"Precio de compra o venta\" value=\"\" type=\"text\" name=\"precio-kontakt\" \/><\/span> <\/label>\n<label class=\"gc-1-1\"><span class=\"wpcf7-form-control-wrap\" data-name=\"mensaje-kontakt\"><textarea cols=\"40\" rows=\"10\" maxlength=\"2000\" class=\"wpcf7-form-control wpcf7-textarea wpcf7-validates-as-required\" aria-required=\"true\" aria-invalid=\"false\" placeholder=\"Mensaje*\" name=\"mensaje-kontakt\"><\/textarea><\/span><\/label>\n<label class=\"gc-1-1\"><span class=\"wpcf7-form-control-wrap\" data-name=\"consent\"><span class=\"wpcf7-form-control wpcf7-acceptance\"><span class=\"wpcf7-list-item\"><label><input type=\"checkbox\" name=\"consent\" value=\"1\" aria-invalid=\"false\" \/><span class=\"wpcf7-list-item-label\">Acepto que mis datos e informaci\u00f3n se recopilen y almacenen electr\u00f3nicamente para responder a mi solicitud. (Puedes encontrar m\u00e1s informaci\u00f3n y detalles sobre el derecho de revocaci\u00f3n en la <a href=\"\/es\/politica-de-privacidad\/\">pol\u00edtica de privacidad<\/a>.).<\/span><\/label><\/span><\/span><\/span><\/label>\n<input class=\"wpcf7-form-control wpcf7-submit has-spinner\" type=\"submit\" value=\"Enviar\" \/><p style=\"display: none !important;\" class=\"akismet-fields-container\" data-prefix=\"_wpcf7_ak_\"><label>&#916;<textarea name=\"_wpcf7_ak_hp_textarea\" cols=\"45\" rows=\"8\" maxlength=\"100\"><\/textarea><\/label><input type=\"hidden\" id=\"ak_js_1\" name=\"_wpcf7_ak_js\" value=\"76\"\/><script>\ndocument.getElementById( \"ak_js_1\" ).setAttribute( \"value\", ( new Date() ).getTime() );\n<\/script>\n<\/p><div class=\"wpcf7-response-output\" aria-hidden=\"true\"><\/div>\n<\/form>\n<\/div>\n<p>*La evaluaci\u00f3n preliminar es una aclaraci\u00f3n aproximada del procedimiento, los costes y las ventajas de contratar con nuestro despacho para la compraventa de inmuebles en Espa\u00f1a o Alemania. La evaluaci\u00f3n se limita a la compra o venta de inmuebles de nueva construcci\u00f3n o de segunda mano por parte de particulares.<\/p>\n<\/div><\/div><\/div><\/div><\/div><\/div><\/div><\/div><\/div><\/div><\/section>\n\n\n<div class=\"kk-star-ratings kksr-auto kksr-align-center kksr-valign-bottom\"\n    data-payload='{&quot;align&quot;:&quot;center&quot;,&quot;id&quot;:&quot;11507&quot;,&quot;slug&quot;:&quot;default&quot;,&quot;valign&quot;:&quot;bottom&quot;,&quot;ignore&quot;:&quot;&quot;,&quot;reference&quot;:&quot;auto&quot;,&quot;class&quot;:&quot;&quot;,&quot;count&quot;:&quot;2&quot;,&quot;legendonly&quot;:&quot;&quot;,&quot;readonly&quot;:&quot;&quot;,&quot;score&quot;:&quot;5&quot;,&quot;starsonly&quot;:&quot;&quot;,&quot;best&quot;:&quot;5&quot;,&quot;gap&quot;:&quot;4&quot;,&quot;greet&quot;:&quot;Rate this post&quot;,&quot;legend&quot;:&quot;5\\\/5 - (2 votos)&quot;,&quot;size&quot;:&quot;24&quot;,&quot;title&quot;:&quot;La constancia registral de la leg\u00edtima seg\u00fan su naturaleza y su proyecci\u00f3n en supuestos de leg\u00edtima como derecho de cr\u00e9dito&quot;,&quot;width&quot;:&quot;138&quot;,&quot;_legend&quot;:&quot;{score}\\\/{best} - ({count} {votes})&quot;,&quot;font_factor&quot;:&quot;1.25&quot;}'>\n            \n<div class=\"kksr-stars\">\n    \n<div class=\"kksr-stars-inactive\">\n            <div class=\"kksr-star\" data-star=\"1\" style=\"padding-right: 4px\">\n            \n\n<div class=\"kksr-icon\" style=\"width: 24px; height: 24px;\"><\/div>\n        <\/div>\n            <div class=\"kksr-star\" data-star=\"2\" style=\"padding-right: 4px\">\n            \n\n<div class=\"kksr-icon\" style=\"width: 24px; height: 24px;\"><\/div>\n        <\/div>\n            <div class=\"kksr-star\" data-star=\"3\" style=\"padding-right: 4px\">\n            \n\n<div class=\"kksr-icon\" style=\"width: 24px; height: 24px;\"><\/div>\n        <\/div>\n            <div class=\"kksr-star\" data-star=\"4\" style=\"padding-right: 4px\">\n            \n\n<div class=\"kksr-icon\" style=\"width: 24px; height: 24px;\"><\/div>\n        <\/div>\n            <div class=\"kksr-star\" data-star=\"5\" style=\"padding-right: 4px\">\n            \n\n<div class=\"kksr-icon\" style=\"width: 24px; height: 24px;\"><\/div>\n        <\/div>\n    <\/div>\n    \n<div class=\"kksr-stars-active\" style=\"width: 138px;\">\n            <div class=\"kksr-star\" style=\"padding-right: 4px\">\n            \n\n<div class=\"kksr-icon\" style=\"width: 24px; height: 24px;\"><\/div>\n        <\/div>\n            <div class=\"kksr-star\" style=\"padding-right: 4px\">\n            \n\n<div class=\"kksr-icon\" style=\"width: 24px; height: 24px;\"><\/div>\n        <\/div>\n            <div class=\"kksr-star\" style=\"padding-right: 4px\">\n            \n\n<div class=\"kksr-icon\" style=\"width: 24px; height: 24px;\"><\/div>\n        <\/div>\n            <div class=\"kksr-star\" style=\"padding-right: 4px\">\n            \n\n<div class=\"kksr-icon\" style=\"width: 24px; height: 24px;\"><\/div>\n        <\/div>\n            <div class=\"kksr-star\" style=\"padding-right: 4px\">\n            \n\n<div class=\"kksr-icon\" style=\"width: 24px; height: 24px;\"><\/div>\n        <\/div>\n    <\/div>\n<\/div>\n                \n\n<div class=\"kksr-legend\" style=\"font-size: 19.2px;\">\n            5\/5 - (2 votos)    <\/div>\n    <\/div>\n","protected":false},"excerpt":{"rendered":"La leg\u00edtima es una instituci\u00f3n clave del Derecho de sucesiones, pero su tratamiento jur\u00eddico no es uniforme en todos los sistemas. Una cuesti\u00f3n relevante es si la leg\u00edtima debe reflejarse en el Registro de la Propiedad. La respuesta depende, fundamentalmente, de su naturaleza jur\u00eddica. La naturaleza jur\u00eddica de la leg\u00edtima en el Derecho espa\u00f1ol En...","protected":false},"author":2,"featured_media":0,"parent":0,"menu_order":0,"comment_status":"closed","ping_status":"closed","template":"","meta":{"footnotes":""},"class_list":["post-7759","page","type-page","status-publish","hentry"],"_links":{"self":[{"href":"https:\/\/rb-abogados.eu\/es\/wp-json\/wp\/v2\/pages\/7759","targetHints":{"allow":["GET"]}}],"collection":[{"href":"https:\/\/rb-abogados.eu\/es\/wp-json\/wp\/v2\/pages"}],"about":[{"href":"https:\/\/rb-abogados.eu\/es\/wp-json\/wp\/v2\/types\/page"}],"author":[{"embeddable":true,"href":"https:\/\/rb-abogados.eu\/es\/wp-json\/wp\/v2\/users\/2"}],"replies":[{"embeddable":true,"href":"https:\/\/rb-abogados.eu\/es\/wp-json\/wp\/v2\/comments?post=7759"}],"version-history":[{"count":5,"href":"https:\/\/rb-abogados.eu\/es\/wp-json\/wp\/v2\/pages\/7759\/revisions"}],"predecessor-version":[{"id":11352,"href":"https:\/\/rb-abogados.eu\/es\/wp-json\/wp\/v2\/pages\/7759\/revisions\/11352"}],"wp:attachment":[{"href":"https:\/\/rb-abogados.eu\/es\/wp-json\/wp\/v2\/media?parent=7759"}],"curies":[{"name":"wp","href":"https:\/\/api.w.org\/{rel}","templated":true}]}}