{"id":8961,"date":"2020-04-24T09:43:24","date_gmt":"2020-04-24T07:43:24","guid":{"rendered":"https:\/\/rb-abogados.eu\/kontakt\/"},"modified":"2025-05-07T18:51:20","modified_gmt":"2025-05-07T16:51:20","slug":"contacto","status":"publish","type":"page","link":"https:\/\/rb-abogados.eu\/es\/contacto\/","title":{"rendered":"Contacto"},"content":{"rendered":"<section class=\"l-section wpb_row us_custom_91a4b801 height_custom with_img parallax_ver\"><div class=\"l-section-img\" role=\"img\" aria-label=\"Imagen\" data-img-width=\"2500\" data-img-height=\"850\" style=\"background-image: url(https:\/\/rb-abogados.eu\/wp-content\/uploads\/anwalt-ribas-kontakt-3.jpg);background-repeat: no-repeat;\"><\/div><div class=\"l-section-overlay\" style=\"background:rgba(0,3,46,0.55)\"><\/div><div class=\"l-section-h i-cf\"><div class=\"g-cols vc_row via_flex valign_top type_boxes stacking_default\"><div class=\"vc_col-sm-3 wpb_column vc_column_container\"><div class=\"vc_column-inner us_custom_b6a72ce1\"><div class=\"wpb_wrapper\"><\/div><\/div><\/div><div class=\"vc_col-sm-6 wpb_column vc_column_container us_animate_afb\" style=\"animation-delay:0.4s\"><div class=\"vc_column-inner us_custom_c46d089f\"><div class=\"wpb_wrapper\"><h1 class=\"w-post-elm post_title us_custom_27f484e3 has_text_color entry-title color_link_inherit\">Contacto<\/h1><div class=\"w-hwrapper us_custom_84be7deb valign_top align_none\"><\/div><nav class=\"g-breadcrumbs us_custom_c46e0ed5 has_text_color separator_icon align_none\" itemscope itemtype=\"http:\/\/schema.org\/BreadcrumbList\"><div class=\"g-breadcrumbs-item\" itemscope itemprop=\"itemListElement\" itemtype=\"http:\/\/schema.org\/ListItem\"><a itemprop=\"item\" href=\"https:\/\/rb-abogados.eu\/es\/\"><span itemprop=\"name\">RB-Abogados Karlsruhe<\/span><\/a><meta itemprop=\"position\" content=\"1\"\/><\/div><div class=\"g-breadcrumbs-separator\"><i class=\"far fa-angle-right\"><\/i><\/div><div class=\"g-breadcrumbs-item\">P\u00e1ginas<\/div><\/nav><\/div><\/div><\/div><div class=\"vc_col-sm-3 wpb_column vc_column_container\"><div class=\"vc_column-inner us_custom_b6a72ce1\"><div class=\"wpb_wrapper\"><\/div><\/div><\/div><\/div><\/div><\/section><section class=\"l-section wpb_row us_custom_47843e50 height_custom\"><div class=\"l-section-h i-cf\"><div class=\"g-cols vc_row via_flex valign_top type_boxes stacking_default\"><div class=\"vc_col-sm-12 wpb_column vc_column_container\"><div class=\"vc_column-inner us_custom_d9045fbd\"><div class=\"wpb_wrapper\"><div class=\"wpb_text_column us_custom_50cc7d67\"><div class=\"wpb_wrapper\"><h2 style=\"text-align: center;\">HORARIOS DE ATENCI\u00d3N &amp; CONTACTO<\/h2>\n<\/div><\/div><div class=\"w-hwrapper us_custom_6495f4a8 valign_top align_none\"><\/div><\/div><\/div><\/div><div class=\"vc_col-sm-4 wpb_column vc_column_container\"><div class=\"vc_column-inner us_custom_f74dfb9d\"><div class=\"wpb_wrapper\"><div class=\"wpb_text_column us_custom_50cc7d67\"><div class=\"wpb_wrapper\"><h4>CONTACTO<\/h4>\n<\/div><\/div><div class=\"w-iconbox us_custom_50cc7d67 iconpos_left style_default color_primary align_left\"><a href=\"mailto:info@rb-abogados.eu\" class=\"w-iconbox-link\" aria-label=\"info@rb-abogados.eu\"><div class=\"w-iconbox-icon\" style=\"font-size:24px;\"><i class=\"far fa-envelope\"><\/i><\/div><\/a><div class=\"w-iconbox-meta\"><p class=\"w-iconbox-title\"><a href=\"mailto:info@rb-abogados.eu\" class=\"w-iconbox-link\" aria-label=\"info@rb-abogados.eu\">info@rb-abogados.eu<\/a><\/p><div class=\"w-iconbox-text\"><div class=\"wpb_wrapper\">\n<div class=\"wpb_text_column wpb_content_element \">\n<div class=\"wpb_wrapper\">\n<div><\/div>\n<\/div>\n<\/div>\n<\/div>\n<\/div><\/div><\/div><div class=\"wpb_text_column us_custom_8d5aa4e2\"><div class=\"wpb_wrapper\"><p><strong>Karlsruhe<\/strong><\/p>\n<\/div><\/div><div class=\"w-iconbox us_custom_c46c8c12 iconpos_left style_default color_primary align_left\"><a href=\"tel:+4972148070960\" class=\"w-iconbox-link\" aria-label=\"+49 721 480 709 60\"><div class=\"w-iconbox-icon\" style=\"font-size:24px;\"><i class=\"far fa-phone\"><\/i><\/div><\/a><div class=\"w-iconbox-meta\"><p class=\"w-iconbox-title\"><a href=\"tel:+4972148070960\" class=\"w-iconbox-link\" aria-label=\"+49 721 480 709 60\">+49 721 480 709 60<\/a><\/p><div class=\"w-iconbox-text\"><div class=\"wpb_wrapper\">\n<div class=\"wpb_text_column wpb_content_element \">\n<div class=\"wpb_wrapper\">\n<div><\/div>\n<\/div>\n<\/div>\n<\/div>\n<\/div><\/div><\/div><div class=\"w-iconbox us_custom_69561aa4 iconpos_left style_default color_primary align_left\"><div class=\"w-iconbox-icon\" style=\"font-size:24px;\"><i class=\"far fa-fax\"><\/i><\/div><div class=\"w-iconbox-meta\"><p class=\"w-iconbox-title\">+49 721 480 709 69<\/p><div class=\"w-iconbox-text\"><div class=\"wpb_wrapper\">\n<div class=\"wpb_text_column wpb_content_element \">\n<div class=\"wpb_wrapper\">\n<div><\/div>\n<\/div>\n<\/div>\n<\/div>\n<\/div><\/div><\/div><div class=\"wpb_text_column us_custom_8d5aa4e2\"><div class=\"wpb_wrapper\"><p><strong>Bruchsal<\/strong><\/p>\n<\/div><\/div><div class=\"w-iconbox us_custom_c46c8c12 iconpos_left style_default color_primary align_left\"><a href=\"tel:+4972519377310\" class=\"w-iconbox-link\" aria-label=\"+49 7251 93 773 10\"><div class=\"w-iconbox-icon\" style=\"font-size:24px;\"><i class=\"far fa-phone\"><\/i><\/div><\/a><div class=\"w-iconbox-meta\"><p class=\"w-iconbox-title\"><a href=\"tel:+4972519377310\" class=\"w-iconbox-link\" aria-label=\"+49 7251 93 773 10\">+49 7251 93 773 10<\/a><\/p><div class=\"w-iconbox-text\"><div class=\"wpb_wrapper\">\n<div class=\"wpb_text_column wpb_content_element \">\n<div class=\"wpb_wrapper\">\n<div><\/div>\n<\/div>\n<\/div>\n<\/div>\n<\/div><\/div><\/div><div class=\"w-iconbox us_custom_69561aa4 iconpos_left style_default color_primary align_left\"><div class=\"w-iconbox-icon\" style=\"font-size:24px;\"><i class=\"far fa-fax\"><\/i><\/div><div class=\"w-iconbox-meta\"><p class=\"w-iconbox-title\">+49 7251 32 240 23<\/p><div class=\"w-iconbox-text\"><div class=\"wpb_wrapper\">\n<div class=\"wpb_text_column wpb_content_element \">\n<div class=\"wpb_wrapper\">\n<div><\/div>\n<\/div>\n<\/div>\n<\/div>\n<\/div><\/div><\/div><div class=\"w-image align_none\"><div class=\"w-image-h\"><img decoding=\"async\" width=\"800\" height=\"533\" src=\"https:\/\/rb-abogados.eu\/wp-content\/uploads\/KanzleiManagement.jpg\" class=\"attachment-large size-large\" alt=\"\" loading=\"lazy\" srcset=\"https:\/\/rb-abogados.eu\/wp-content\/uploads\/KanzleiManagement.jpg 800w, https:\/\/rb-abogados.eu\/wp-content\/uploads\/KanzleiManagement-300x200.jpg 300w\" sizes=\"auto, (max-width: 800px) 100vw, 800px\" \/><\/div><\/div><div class=\"wpb_text_column us_custom_3964a9e9\"><div class=\"wpb_wrapper\"><h4>HORARIOS DE ATENCI\u00d3N<\/h4>\n<p><strong>Los lunes, martes, mi\u00e9rcoles<\/strong><br \/>\nma\u00f1anas, de 9:00 a 12:30 horas<br \/>\ntardes de 14:00 a 18:00 horas<\/p>\n<p><strong>Los jueves<\/strong><br \/>\nde 9:00 a 12:30 horas<\/p>\n<p><strong>Los viernes<\/strong><br \/>\nma\u00f1anas, de 9:00 a 12:30 horas<br \/>\ntardes de 14:00 a 17:00 horas<\/p>\n<p><strong>y con cita previa<\/strong><\/p>\n<\/div><\/div><\/div><\/div><\/div><div class=\"vc_col-sm-8 wpb_column vc_column_container has_bg_color stretched\" id=\"contact-form\"><div class=\"vc_column-inner us_custom_34a26a33\"><div class=\"wpb_wrapper\"><div class=\"g-cols wpb_row via_flex valign_top type_boxes stacking_default\"><div class=\"vc_col-sm-12 wpb_column vc_column_container\"><div class=\"vc_column-inner us_custom_7c6ce302\"><div class=\"wpb_wrapper\"><div class=\"wpb_text_column us_custom_50cc7d67\"><div class=\"wpb_wrapper\"><h4>FORMULARIO DE CONTACTO<\/h4>\n<\/div><\/div>\n<div class=\"wpcf7 no-js\" id=\"wpcf7-f9022-o1\" lang=\"de-DE\" dir=\"ltr\" data-wpcf7-id=\"9022\">\n<div class=\"screen-reader-response\"><p role=\"status\" aria-live=\"polite\" aria-atomic=\"true\"><\/p> <ul><\/ul><\/div>\n<form action=\"\/es\/wp-json\/wp\/v2\/pages\/8961#wpcf7-f9022-o1\" method=\"post\" class=\"wpcf7-form init\" aria-label=\"Kontaktformular\" novalidate=\"novalidate\" data-status=\"init\">\n<fieldset class=\"hidden-fields-container\"><input type=\"hidden\" name=\"_wpcf7\" value=\"9022\" \/><input type=\"hidden\" name=\"_wpcf7_version\" value=\"6.1.5\" \/><input type=\"hidden\" name=\"_wpcf7_locale\" value=\"de_DE\" \/><input type=\"hidden\" name=\"_wpcf7_unit_tag\" value=\"wpcf7-f9022-o1\" \/><input type=\"hidden\" name=\"_wpcf7_container_post\" value=\"0\" \/><input type=\"hidden\" name=\"_wpcf7_posted_data_hash\" value=\"\" \/>\n<\/fieldset>\n<label class=\"gc-1-2\"><span class=\"wpcf7-form-control-wrap\" data-name=\"Firma\"><input size=\"40\" maxlength=\"400\" class=\"wpcf7-form-control wpcf7-text\" aria-invalid=\"false\" placeholder=\"Empresa\" value=\"\" type=\"text\" name=\"Firma\" \/><\/span><\/label>\n<span id=\"wpcf7-69f76c3cd6e29-wrapper\" class=\"wpcf7-form-control-wrap name-72-wrap\" style=\"display:none !important; visibility:hidden !important;\"><label for=\"wpcf7-69f76c3cd6e29-field\" class=\"hp-message\">Bitte lasse dieses Feld leer.<\/label><input id=\"wpcf7-69f76c3cd6e29-field\"  class=\"wpcf7-form-control wpcf7-text\" type=\"text\" name=\"name-72\" value=\"\" size=\"40\" tabindex=\"-1\" autocomplete=\"new-password\" \/><\/span>\n<label class=\"gc-1-2 ml\"><span class=\"wpcf7-form-control-wrap\" data-name=\"name-kontakt\"><input size=\"40\" maxlength=\"400\" class=\"wpcf7-form-control wpcf7-text wpcf7-validates-as-required\" aria-required=\"true\" aria-invalid=\"false\" placeholder=\"Sus apellidos*\" value=\"\" type=\"text\" name=\"name-kontakt\" \/><\/span><\/label>\n<label class=\"gc-1-2\"><span class=\"wpcf7-form-control-wrap\" data-name=\"vorname-kontakt\"><input size=\"40\" maxlength=\"400\" class=\"wpcf7-form-control wpcf7-text wpcf7-validates-as-required\" aria-required=\"true\" aria-invalid=\"false\" placeholder=\"Su nombre*\" value=\"\" type=\"text\" name=\"vorname-kontakt\" \/><\/span><\/label>\n<label class=\"gc-1-2 ml\"><span class=\"wpcf7-form-control-wrap\" data-name=\"email-kontakt\"><input size=\"40\" maxlength=\"400\" class=\"wpcf7-form-control wpcf7-email wpcf7-validates-as-required wpcf7-text wpcf7-validates-as-email\" aria-required=\"true\" aria-invalid=\"false\" placeholder=\"E-Mail*\" value=\"\" type=\"email\" name=\"email-kontakt\" \/><\/span> <\/label>\n<label class=\"gc-1-2\"><span class=\"wpcf7-form-control-wrap\" data-name=\"tel-kontakt\"><input size=\"40\" maxlength=\"400\" class=\"wpcf7-form-control wpcf7-tel wpcf7-validates-as-required wpcf7-text wpcf7-validates-as-tel\" aria-required=\"true\" aria-invalid=\"false\" placeholder=\"Tel\u00e9fono*\" value=\"\" type=\"tel\" name=\"tel-kontakt\" \/><\/span> <\/label>\n<label class=\"gc-1-2 ml\"><span class=\"wpcf7-form-control-wrap\" data-name=\"adresse-kontakt\"><input size=\"40\" maxlength=\"400\" class=\"wpcf7-form-control wpcf7-text\" aria-invalid=\"false\" placeholder=\"Direcci\u00f3n\" value=\"\" type=\"text\" name=\"adresse-kontakt\" \/><\/span> <\/label>\n<label class=\"gc-1-1\"><span class=\"wpcf7-form-control-wrap\" data-name=\"nachricht-kontakt\"><textarea cols=\"40\" rows=\"10\" maxlength=\"2000\" class=\"wpcf7-form-control wpcf7-textarea wpcf7-validates-as-required\" aria-required=\"true\" aria-invalid=\"false\" placeholder=\"Mensaje*\" name=\"nachricht-kontakt\"><\/textarea><\/span><\/label>\n<label class=\"gc-1-1\"><span class=\"wpcf7-form-control-wrap\" data-name=\"consent\"><span class=\"wpcf7-form-control wpcf7-acceptance\"><span class=\"wpcf7-list-item\"><label><input type=\"checkbox\" name=\"consent\" value=\"1\" aria-invalid=\"false\" \/><span class=\"wpcf7-list-item-label\">He le\u00eddo y acepto la <a href=\"https:\/\/www.rb-abogados.eu\/es\/politica-de-privacidad\/\">pol\u00edtica de privacidad.<\/a><\/span><\/label><\/span><\/span><\/span><\/label>\n<input class=\"wpcf7-form-control wpcf7-submit has-spinner\" type=\"submit\" value=\"Senden\" \/><p style=\"display: none !important;\" class=\"akismet-fields-container\" data-prefix=\"_wpcf7_ak_\"><label>&#916;<textarea name=\"_wpcf7_ak_hp_textarea\" cols=\"45\" rows=\"8\" maxlength=\"100\"><\/textarea><\/label><input type=\"hidden\" id=\"ak_js_1\" name=\"_wpcf7_ak_js\" value=\"154\"\/><script>\ndocument.getElementById( \"ak_js_1\" ).setAttribute( \"value\", ( new Date() ).getTime() );\n<\/script>\n<\/p><div class=\"wpcf7-response-output\" aria-hidden=\"true\"><\/div>\n<\/form>\n<\/div>\n<\/div><\/div><\/div><\/div><\/div><\/div><\/div><\/div><\/div><\/section><section class=\"l-section wpb_row us_custom_ff584dd0 height_custom\" id=\"standorte\"><div class=\"l-section-h i-cf\"><div class=\"g-cols vc_row via_flex valign_top type_boxes stacking_default\"><div class=\"vc_col-sm-12 wpb_column vc_column_container\"><div class=\"vc_column-inner us_custom_f0cb8381\"><div class=\"wpb_wrapper\"><div class=\"g-cols wpb_row us_custom_8d5aa4e2 via_flex valign_top type_boxes stacking_default\"><div class=\"vc_col-sm-12 wpb_column vc_column_container\"><div class=\"vc_column-inner us_custom_c4baeb74\"><div class=\"wpb_wrapper\"><div class=\"wpb_text_column us_custom_c455a10b\"><div class=\"wpb_wrapper\"><p id=\"standorte\" style=\"text-align: center;\">Localizaciones<\/p>\n<\/div><\/div><div class=\"wpb_text_column us_custom_50cc7d67\"><div class=\"wpb_wrapper\"><h2 id=\"standorte\" style=\"text-align: center;\">NUESTRAS UBICACIONES EN ALEMANIA Y ESPA\u00d1A<\/h2>\n<\/div><\/div><div class=\"w-hwrapper us_custom_6cb15374 valign_top align_none\"><\/div><\/div><\/div><\/div><\/div><\/div><\/div><\/div><\/div><\/div><\/section><section class=\"l-section wpb_row us_custom_b6a72ce1 height_custom\"><div class=\"l-section-h i-cf\"><div class=\"g-cols vc_row via_flex valign_top type_boxes stacking_default\"><div class=\"vc_col-sm-6 wpb_column vc_column_container has_bg_color\"><div class=\"vc_column-inner us_custom_689a3ec1\"><div class=\"wpb_wrapper\"><div class=\"g-cols wpb_row us_custom_863654e6 via_flex valign_top type_boxes stacking_default\"><div class=\"vc_col-sm-12 wpb_column vc_column_container\"><div class=\"vc_column-inner us_custom_863654e6\"><div class=\"wpb_wrapper\"><div class=\"wpb_text_column us_custom_09c24e62\"><div class=\"wpb_wrapper\"><h4>Sede principal en Karlsruhe<\/h4>\n<\/div><\/div><div class=\"wpb_text_column us_custom_1dc8435f\"><div class=\"wpb_wrapper\"><div>\n<div>\n<div class=\"vk_sh vk_bk\">\n<div class=\"desktop-title-content\">Gartenstra\u00dfe 69<\/div>\n<p><span class=\"desktop-title-subcontent\">76135 Karlsruhe<\/span><\/p>\n<\/div>\n<\/div>\n<\/div>\n<\/div><\/div><div class=\"w-separator size_custom\" style=\"height:40px\"><\/div><\/div><\/div><\/div><\/div><div class=\"w-btn-wrapper align_none\"><a class=\"w-btn us-btn-style_3 us_custom_e5e91da3 icon_atright\" target=\"_blank\" rel=\"nofollow\" href=\"https:\/\/goo.gl\/maps\/GdGg7vHHhHyJGxBe8\"><span class=\"w-btn-label\">Direcciones con Google Maps<\/span><i class=\"far fa-long-arrow-right\"><\/i><\/a><\/div><\/div><\/div><\/div><div class=\"vc_col-sm-6 wpb_column vc_column_container has_bg_color has-link\"><div class=\"vc_column-inner us_custom_becf85bd\"><div class=\"wpb_wrapper\"><div class=\"g-cols wpb_row via_flex valign_top type_default stacking_default\"><div class=\"vc_col-sm-12 wpb_column vc_column_container has_text_color\"><div class=\"vc_column-inner us_custom_6df4bc3a\"><div class=\"wpb_wrapper\"><\/div><\/div><\/div><\/div><\/div><\/div><a target=\"_blank\" rel=\"nofollow\" href=\"https:\/\/goo.gl\/maps\/GdGg7vHHhHyJGxBe8\" class=\"vc_column-link smooth-scroll\" aria-label=\"Enlace\"><\/a><\/div><\/div><\/div><\/section><section class=\"l-section wpb_row us_custom_1ab67c45 height_custom\"><div class=\"l-section-h i-cf\"><div class=\"g-cols vc_row via_flex valign_top type_boxes reversed stacking_default\"><div class=\"vc_col-sm-6 wpb_column vc_column_container has_bg_color has-link\"><div class=\"vc_column-inner us_custom_8bff69d4\"><div class=\"wpb_wrapper\"><div class=\"g-cols wpb_row via_flex valign_top type_default stacking_default\"><div class=\"vc_col-sm-12 wpb_column vc_column_container has_text_color\"><div class=\"vc_column-inner us_custom_6df4bc3a\"><div class=\"wpb_wrapper\"><\/div><\/div><\/div><\/div><\/div><\/div><a target=\"_blank\" rel=\"nofollow\" href=\"https:\/\/goo.gl\/maps\/c2GE3eWWuRp4X68U6\" class=\"vc_column-link smooth-scroll\" aria-label=\"Enlace\"><\/a><\/div><div class=\"vc_col-sm-6 wpb_column vc_column_container has_bg_color\"><div class=\"vc_column-inner us_custom_689a3ec1\"><div class=\"wpb_wrapper\"><div class=\"g-cols wpb_row us_custom_863654e6 via_flex valign_top type_boxes stacking_default\"><div class=\"vc_col-sm-12 wpb_column vc_column_container\"><div class=\"vc_column-inner us_custom_863654e6\"><div class=\"wpb_wrapper\"><div class=\"wpb_text_column us_custom_09c24e62\"><div class=\"wpb_wrapper\"><h4>Sede administrativa en Bruchsal<\/h4>\n<\/div><\/div><div class=\"wpb_text_column us_custom_1dc8435f\"><div class=\"wpb_wrapper\"><div>\n<div>\n<div class=\"vk_sh vk_bk\">\n<div>\n<div>\n<div class=\"vk_sh vk_bk\">\n<div class=\"desktop-title-content\">Marianne-Kirchgessner-Str. 5<\/div>\n<p><span class=\"desktop-title-subcontent\">76646 Bruchsal<\/span><\/p>\n<\/div>\n<\/div>\n<\/div>\n<\/div>\n<\/div>\n<\/div>\n<div class=\"Uekwlc QzqPSc\"><\/div>\n<\/div><\/div><\/div><\/div><\/div><\/div><div class=\"w-separator size_custom\" style=\"height:40px\"><\/div><div class=\"w-btn-wrapper align_none\"><a class=\"w-btn us-btn-style_3 us_custom_e5e91da3 icon_atright\" target=\"_blank\" rel=\"nofollow\" href=\"https:\/\/goo.gl\/maps\/c2GE3eWWuRp4X68U6\"><span class=\"w-btn-label\">Direcciones con Google Maps<\/span><i class=\"far fa-long-arrow-right\"><\/i><\/a><\/div><\/div><\/div><\/div><\/div><\/div><\/section><section class=\"l-section wpb_row us_custom_1ab67c45 height_custom\" id=\"spanien\"><div class=\"l-section-h i-cf\"><div class=\"g-cols vc_row via_flex valign_top type_boxes stacking_default\"><div class=\"vc_col-sm-6 wpb_column vc_column_container has_bg_color\"><div class=\"vc_column-inner us_custom_689a3ec1\"><div class=\"wpb_wrapper\"><div class=\"g-cols wpb_row us_custom_863654e6 via_flex valign_top type_boxes stacking_default\"><div class=\"vc_col-sm-12 wpb_column vc_column_container\"><div class=\"vc_column-inner us_custom_863654e6\"><div class=\"wpb_wrapper\"><div class=\"wpb_text_column us_custom_50cc7d67\"><div class=\"wpb_wrapper\"><div>\n<h4>Bufete en Espa\u00f1a \u2013 Ibiza<\/h4>\n<\/div>\n<\/div><\/div><div class=\"wpb_text_column us_custom_1dc8435f\"><div class=\"wpb_wrapper\"><p class=\"section-hero-header-title-subtitle\">C\/ Pedro Franc\u00e8s 9, 4\u00b0, 406<br \/>\n07800 Ibiza<br \/>\nIslas Baleares<\/p>\n<\/div><\/div><div class=\"w-separator size_custom\" style=\"height:40px\"><\/div><\/div><\/div><\/div><\/div><div class=\"w-btn-wrapper align_none\"><a class=\"w-btn us-btn-style_3 us_custom_e5e91da3 icon_atright\" target=\"_blank\" rel=\"nofollow\" href=\"https:\/\/goo.gl\/maps\/ijywugPRqm5hpZe79\"><span class=\"w-btn-label\">Direcciones con Google Maps<\/span><i class=\"far fa-long-arrow-right\"><\/i><\/a><\/div><\/div><\/div><\/div><div class=\"vc_col-sm-6 wpb_column vc_column_container has_bg_color has-link\"><div class=\"vc_column-inner us_custom_ffb5230b\"><div class=\"wpb_wrapper\"><div class=\"g-cols wpb_row via_flex valign_top type_default stacking_default\"><div class=\"vc_col-sm-12 wpb_column vc_column_container has_text_color\"><div class=\"vc_column-inner us_custom_6df4bc3a\"><div class=\"wpb_wrapper\"><\/div><\/div><\/div><\/div><\/div><\/div><a target=\"_blank\" rel=\"nofollow\" href=\"https:\/\/goo.gl\/maps\/ijywugPRqm5hpZe79\" class=\"vc_column-link smooth-scroll\" aria-label=\"Enlace\"><\/a><\/div><\/div><\/div><\/section>\n","protected":false},"excerpt":{"rendered":"ContactoRB-Abogados KarlsruheP\u00e1ginasHORARIOS DE ATENCI\u00d3N &amp; CONTACTO CONTACTO info@rb-abogados.eu Karlsruhe +49 721 480 709 60 +49 721 480 709 69 Bruchsal +49 7251 93 773 10 +49 7251 32 240 23 HORARIOS DE ATENCI\u00d3N Los lunes, martes, mi\u00e9rcoles ma\u00f1anas, de 9:00 a 12:30 horas tardes de 14:00 a 18:00 horas Los jueves de 9:00 a 12:30...","protected":false},"author":2,"featured_media":11054,"parent":0,"menu_order":0,"comment_status":"closed","ping_status":"closed","template":"","meta":{"footnotes":""},"class_list":["post-8961","page","type-page","status-publish","has-post-thumbnail","hentry"],"_links":{"self":[{"href":"https:\/\/rb-abogados.eu\/es\/wp-json\/wp\/v2\/pages\/8961","targetHints":{"allow":["GET"]}}],"collection":[{"href":"https:\/\/rb-abogados.eu\/es\/wp-json\/wp\/v2\/pages"}],"about":[{"href":"https:\/\/rb-abogados.eu\/es\/wp-json\/wp\/v2\/types\/page"}],"author":[{"embeddable":true,"href":"https:\/\/rb-abogados.eu\/es\/wp-json\/wp\/v2\/users\/2"}],"replies":[{"embeddable":true,"href":"https:\/\/rb-abogados.eu\/es\/wp-json\/wp\/v2\/comments?post=8961"}],"version-history":[{"count":5,"href":"https:\/\/rb-abogados.eu\/es\/wp-json\/wp\/v2\/pages\/8961\/revisions"}],"predecessor-version":[{"id":11365,"href":"https:\/\/rb-abogados.eu\/es\/wp-json\/wp\/v2\/pages\/8961\/revisions\/11365"}],"wp:featuredmedia":[{"embeddable":true,"href":"https:\/\/rb-abogados.eu\/es\/wp-json\/wp\/v2\/media\/11054"}],"wp:attachment":[{"href":"https:\/\/rb-abogados.eu\/es\/wp-json\/wp\/v2\/media?parent=8961"}],"curies":[{"name":"wp","href":"https:\/\/api.w.org\/{rel}","templated":true}]}}