{"id":9936,"date":"2020-04-29T14:15:26","date_gmt":"2020-04-29T12:15:26","guid":{"rendered":"https:\/\/rb-abogados.eu\/el-bufete\/mediatoren\/"},"modified":"2023-06-15T18:13:41","modified_gmt":"2023-06-15T16:13:41","slug":"mediadores","status":"publish","type":"page","link":"https:\/\/rb-abogados.eu\/es\/el-bufete\/mediadores\/","title":{"rendered":"Mediadores"},"content":{"rendered":"<section class=\"l-section wpb_row us_custom_d8b66435 height_custom with_img\"><div class=\"l-section-img\" role=\"img\" aria-label=\"Schloss in Karlsruhe\" data-img-width=\"760\" data-img-height=\"500\" style=\"background-image: url(https:\/\/rb-abogados.eu\/wp-content\/uploads\/small-_0027_rba-023.jpg);background-position: top center;background-repeat: no-repeat;\"><\/div><div class=\"l-section-overlay\" style=\"background:rgba(0,3,46,0.55)\"><\/div><div class=\"l-section-h i-cf\"><div class=\"g-cols vc_row via_flex valign_top type_boxes stacking_default\"><div class=\"vc_col-sm-3 wpb_column vc_column_container\"><div class=\"vc_column-inner us_custom_b6a72ce1\"><div class=\"wpb_wrapper\"><\/div><\/div><\/div><div class=\"vc_col-sm-6 wpb_column vc_column_container us_animate_afb\" style=\"animation-delay:0.4s\"><div class=\"vc_column-inner us_custom_c46d089f\"><div class=\"wpb_wrapper\"><h1 class=\"w-post-elm post_title us_custom_27f484e3 has_text_color entry-title color_link_inherit\">Mediadores<\/h1><div class=\"w-hwrapper us_custom_fab95683 valign_top align_none\"><\/div><nav class=\"g-breadcrumbs us_custom_c46e0ed5 has_text_color separator_icon align_none\" itemscope itemtype=\"http:\/\/schema.org\/BreadcrumbList\"><div class=\"g-breadcrumbs-item\" itemscope itemprop=\"itemListElement\" itemtype=\"http:\/\/schema.org\/ListItem\"><a itemprop=\"item\" href=\"https:\/\/rb-abogados.eu\/es\/\"><span itemprop=\"name\">RB-Abogados Karlsruhe<\/span><\/a><meta itemprop=\"position\" content=\"1\"\/><\/div><div class=\"g-breadcrumbs-separator\"><i class=\"far fa-angle-right\"><\/i><\/div><div class=\"g-breadcrumbs-item\">P\u00e1ginas<\/div><\/nav><\/div><\/div><\/div><div class=\"vc_col-sm-3 wpb_column vc_column_container\"><div class=\"vc_column-inner us_custom_b6a72ce1\"><div class=\"wpb_wrapper\"><\/div><\/div><\/div><\/div><\/div><\/section><section class=\"l-section wpb_row us_custom_ff584dd0 height_custom\"><div class=\"l-section-h i-cf\"><div class=\"g-cols vc_row via_flex valign_top type_boxes stacking_default\"><div class=\"vc_col-sm-6 vc_col-lg-3 vc_col-md-6 vc_col-xs-12 wpb_column vc_column_container has_bg_color\"><div class=\"vc_column-inner us_custom_1b13cdf9\"><div class=\"wpb_wrapper\"><\/div><\/div><\/div><div class=\"vc_col-sm-6 vc_col-lg-9 vc_col-md-6 vc_col-xs-12 wpb_column vc_column_container has_bg_color\"><div class=\"vc_column-inner us_custom_11012231\"><div class=\"wpb_wrapper\"><div class=\"g-cols wpb_row us_custom_b6a72ce1 via_flex valign_top type_boxes stacking_default\"><div class=\"vc_col-sm-12 wpb_column vc_column_container us_animate_afb\" style=\"animation-delay:0.6s\"><div class=\"vc_column-inner us_custom_b6a72ce1\"><div class=\"wpb_wrapper\"><div class=\"wpb_text_column us_custom_50cc7d67\"><div class=\"wpb_wrapper\"><h2>Petra Beller<\/h2>\n<\/div><\/div><\/div><\/div><\/div><\/div><div class=\"w-hwrapper us_custom_b12cc76a valign_top align_none\"><\/div><div class=\"wpb_text_column\"><div class=\"wpb_wrapper\"><h3>Bachelor of Science (B.Sc.) &#8211; Administraci\u00f3n de Empresas y Psicolog\u00eda Econ\u00f3mica<br \/>\nDiplomada en mediaci\u00f3n en el \u00e1mbito econ\u00f3mico (Wirtschaftsmediatorin)<\/h3>\n<p><strong>Experiencia profesional<\/strong><\/p>\n<ul class=\"arrow-list\">\n<li>Mediaci\u00f3n en asuntos hereditarios<\/li>\n<li>Mediaci\u00f3n en el \u00e1mbito intraempresarial con trabajadores y directivos<\/li>\n<li>Experiencia en direcci\u00f3n, personal, procesos y proyectos en un grupo empresarial en el campo del abastecimiento energ\u00e9tico<\/li>\n<li>Experiencia de varios a\u00f1os en la mediaci\u00f3n familiar y el asesoramiento en consulta propia<\/li>\n<li>Mediaci\u00f3n en procesos sucesorios<\/li>\n<li>Socia\/copropietaria de \u201ePS. Denk an dich \u2013 Psychologische Beratung, Stresspr\u00e4vention und Potenzialentdeckung\u201c, consulta psicol\u00f3gica especializada en la prevenci\u00f3n del estr\u00e9s y el descubrimiento de potencial.<\/li>\n<li>Supervisi\u00f3n en centros pedag\u00f3gicos terap\u00e9uticos<\/li>\n<\/ul>\n<p><strong>Idiomas<\/strong><\/p>\n<p>Alem\u00e1n, ingl\u00e9s<\/p>\n<p><strong>Mediaci\u00f3n<\/strong><\/p>\n<p>Mediaci\u00f3n en el \u00e1mbito familiar y econ\u00f3mico<\/p>\n<\/div><\/div><\/div><\/div><\/div><\/div><\/div><\/section><section class=\"l-section wpb_row us_custom_ff584dd0 height_custom\"><div class=\"l-section-h i-cf\"><div class=\"g-cols vc_row via_flex valign_top type_boxes stacking_default\"><div class=\"vc_col-sm-6 vc_col-lg-3 vc_col-md-6 vc_col-xs-12 wpb_column vc_column_container has_bg_color\"><div class=\"vc_column-inner us_custom_ea437158\"><div class=\"wpb_wrapper\"><\/div><\/div><\/div><div class=\"vc_col-sm-6 vc_col-lg-9 vc_col-md-6 vc_col-xs-12 wpb_column vc_column_container has_bg_color\"><div class=\"vc_column-inner us_custom_11012231\"><div class=\"wpb_wrapper\"><div class=\"g-cols wpb_row us_custom_b6a72ce1 via_flex valign_top type_boxes stacking_default\"><div class=\"vc_col-sm-12 wpb_column vc_column_container us_animate_afb\" style=\"animation-delay:0.6s\"><div class=\"vc_column-inner us_custom_b6a72ce1\"><div class=\"wpb_wrapper\"><div class=\"wpb_text_column us_custom_50cc7d67\"><div class=\"wpb_wrapper\"><h2>Cornelia Rohrer<\/h2>\n<\/div><\/div><\/div><\/div><\/div><\/div><div class=\"w-hwrapper us_custom_b12cc76a valign_top align_none\"><\/div><div class=\"wpb_text_column\"><div class=\"wpb_wrapper\"><h3>Diplomada en mediaci\u00f3n en el \u00e1mbito econ\u00f3mico (Wirtschaftsmediatorin)<\/h3>\n<p><strong>Experiencia profesional<\/strong><\/p>\n<ul class=\"arrow-list\">\n<li>Mediaci\u00f3n en asuntos hereditarios<\/li>\n<li>Mediaci\u00f3n en el \u00e1mbito intraempresarial con trabajadores<\/li>\n<li>Mediaci\u00f3n en el \u00e1mbito intraempresarial con trabajadores y directivos<\/li>\n<li>Experiencia en personal, procesos y proyectos en un grupo empresarial en el campo del abastecimiento energ\u00e9tico<\/li>\n<li>Mediaci\u00f3n en traspasos de empresas y procesos sucesorios<\/li>\n<li>Mediaci\u00f3n en conflictos en el \u00e1mbito de la distribuci\u00f3n<\/li>\n<\/ul>\n<p><strong>Idiomas<\/strong><\/p>\n<p>Alem\u00e1n, ingl\u00e9s<\/p>\n<p><strong>Mediaci\u00f3n<\/strong><\/p>\n<p>Mediaci\u00f3n en el \u00e1mbito familiar y econ\u00f3mico<\/p>\n<\/div><\/div><\/div><\/div><\/div><\/div><\/div><\/section>\n","protected":false},"excerpt":{"rendered":"MediadoresRB-Abogados KarlsruheP\u00e1ginasPetra Beller Bachelor of Science (B.Sc.) &#8211; Administraci\u00f3n de Empresas y Psicolog\u00eda Econ\u00f3mica Diplomada en mediaci\u00f3n en el \u00e1mbito econ\u00f3mico (Wirtschaftsmediatorin) Experiencia profesional Mediaci\u00f3n en asuntos hereditarios Mediaci\u00f3n en el \u00e1mbito intraempresarial con trabajadores y directivos Experiencia en direcci\u00f3n, personal, procesos y proyectos en un grupo empresarial en el campo del abastecimiento energ\u00e9tico Experiencia...","protected":false},"author":2,"featured_media":9244,"parent":8798,"menu_order":0,"comment_status":"closed","ping_status":"closed","template":"","meta":{"footnotes":""},"class_list":["post-9936","page","type-page","status-publish","has-post-thumbnail","hentry"],"_links":{"self":[{"href":"https:\/\/rb-abogados.eu\/es\/wp-json\/wp\/v2\/pages\/9936","targetHints":{"allow":["GET"]}}],"collection":[{"href":"https:\/\/rb-abogados.eu\/es\/wp-json\/wp\/v2\/pages"}],"about":[{"href":"https:\/\/rb-abogados.eu\/es\/wp-json\/wp\/v2\/types\/page"}],"author":[{"embeddable":true,"href":"https:\/\/rb-abogados.eu\/es\/wp-json\/wp\/v2\/users\/2"}],"replies":[{"embeddable":true,"href":"https:\/\/rb-abogados.eu\/es\/wp-json\/wp\/v2\/comments?post=9936"}],"version-history":[{"count":5,"href":"https:\/\/rb-abogados.eu\/es\/wp-json\/wp\/v2\/pages\/9936\/revisions"}],"predecessor-version":[{"id":10926,"href":"https:\/\/rb-abogados.eu\/es\/wp-json\/wp\/v2\/pages\/9936\/revisions\/10926"}],"up":[{"embeddable":true,"href":"https:\/\/rb-abogados.eu\/es\/wp-json\/wp\/v2\/pages\/8798"}],"wp:featuredmedia":[{"embeddable":true,"href":"https:\/\/rb-abogados.eu\/es\/wp-json\/wp\/v2\/media\/9244"}],"wp:attachment":[{"href":"https:\/\/rb-abogados.eu\/es\/wp-json\/wp\/v2\/media?parent=9936"}],"curies":[{"name":"wp","href":"https:\/\/api.w.org\/{rel}","templated":true}]}}